{"id":133,"date":"2022-12-29T19:06:37","date_gmt":"2022-12-29T19:06:37","guid":{"rendered":"https:\/\/laurencebancaud.com\/?page_id=133"},"modified":"2026-02-11T21:04:31","modified_gmt":"2026-02-11T21:04:31","slug":"catalogue","status":"publish","type":"page","link":"https:\/\/laurencebancaud.com\/en\/ton-that-tiet\/catalogue\/","title":{"rendered":"Catalogue"},"content":{"rendered":"<p style=\"line-height:1.5\">par ordre chronologique<\/p>\n\n\n\n<p style=\"line-height:1.5\">1 &#8211; <strong>Concerto pour violon et orchestre <\/strong>(1964-65)&nbsp;<br>2222\/4220\/timb. perc. (2), ha, cel\/cordes<br>in\u00e9dit<\/p>\n\n\n\n<p class=\"wp-elements-58791c69118891bbd58a2476f005dc23 has-link-color\" style=\"line-height:1.5\">2 &#8211; <strong>Cinq Pi\u00e8ces pour hautbois et piano <\/strong>(1965) 8\u2019&nbsp;<br>Cr\u00e9ation : Paris, 1966&nbsp;<br>\u00c9ditions Musicales Transatlantiques&nbsp;<br><a rel=\"noreferrer noopener\" href=\"https:\/\/www.laflutedepan.com\/partition\/149876\/ton-that-tiet-5-pieces-hautbois-et-piano-partition-hautbois-et-piano.html\" data-type=\"URL\" data-id=\"https:\/\/www.laflutedepan.com\/partition\/149876\/ton-that-tiet-5-pieces-hautbois-et-piano-partition-hautbois-et-piano.html\" target=\"_blank\">partition<\/a> <a href=\"https:\/\/laurencebancaud.com\/en\/ton-that-tiet\/references\/\" data-type=\"URL\" data-id=\"https:\/\/laurencebancaud.com\/ton-that-tiet\/references\/\" target=\"_blank\" rel=\"noreferrer noopener\">voir discographie<\/a><\/p>\n\n\n\n<p class=\"wp-elements-604c1f480ebdf6addd75459d8bb8bbcb has-link-color\" style=\"line-height:1.5\">3 &#8211; <strong>Sonate pour violon seul <\/strong>(1965) 13\u201930&nbsp;<br>Cr\u00e9ation : Paris, 1966&nbsp;<br>\u00c9ditions Musicales Transatlantiques&nbsp;<br><a href=\"https:\/\/www.laflutedepan.com\/partition\/148245\/tiet-ton-that-sonate-pour-violon-seul-partition-violon-seul.html\" data-type=\"URL\" data-id=\"https:\/\/www.laflutedepan.com\/partition\/148245\/tiet-ton-that-sonate-pour-violon-seul-partition-violon-seul.html\" target=\"_blank\" rel=\"noreferrer noopener\">partition<\/a><\/p>\n\n\n\n<p class=\"wp-elements-20223f69df72d47a4bc1fd883af12344 has-link-color\" style=\"line-height:1.5\">4 &#8211; <strong>Quatuor \u00e0 cordes <\/strong>(1966) 15\u2019&nbsp;<br>Cr\u00e9ation : Paris, 1967, par le Quatuor Pro Musica&nbsp;<br>\u00c9ditions Jobert&nbsp;<br><a href=\"https:\/\/www.henry-lemoine.com\/fr\/partitions-pour-ensemble\/12808-quatuor-a-cordes-n2.html\" data-type=\"URL\" data-id=\"https:\/\/www.henry-lemoine.com\/fr\/partitions-pour-ensemble\/12808-quatuor-a-cordes-n2.html\" target=\"_blank\" rel=\"noreferrer noopener\">partition<\/a><\/p>\n\n\n\n<p style=\"line-height:1.5\">5 &#8211; <strong>Multi cordi <\/strong>(1966) 16\u2019&nbsp;<br>pour orchestre \u00e0 cordes&nbsp;<br>Cr\u00e9ation : Radio France, 1969, par l&rsquo;orchestre de chambre de Radio France, direction : Andr\u00e9 Girard&nbsp;<br>\u00c9ditions Billaudot&nbsp;<\/p>\n\n\n\n<p class=\"wp-elements-dc04e0cb5c5ea226c42828f00f4b5172 has-link-color\" style=\"line-height:1.5\">6 &#8211; <strong>Incarnations structurales <\/strong>(1967) 14\u201930&nbsp;<br>pour fl\u00fbte, violoncelle et harpe&nbsp;<br>Cr\u00e9ation : Paris, 1970, par le Trio Nordmann&nbsp;<br>\u00c9ditions Jobert<br><a rel=\"noreferrer noopener\" href=\"https:\/\/www.henry-lemoine.com\/fr\/partitions-pour-ensemble\/12806-incarnations-structurales.html\" data-type=\"URL\" data-id=\"https:\/\/www.henry-lemoine.com\/fr\/partitions-pour-ensemble\/12806-incarnations-structurales.html\" target=\"_blank\">partition<\/a> <a rel=\"noreferrer noopener\" href=\"https:\/\/laurencebancaud.com\/wp-content\/uploads\/2023\/02\/ang.-livret-CD-Trio-Salzedo.pdf\" data-type=\"URL\" data-id=\"https:\/\/laurencebancaud.com\/wp-content\/uploads\/2023\/01\/Livret-du-CD-Trio-SalzedoTTT.docx.pdf\" target=\"_blank\">livret CD<\/a> <a href=\"https:\/\/laurencebancaud.com\/en\/ton-that-tiet\/references\/\" data-type=\"URL\" data-id=\"https:\/\/laurencebancaud.com\/ton-that-tiet\/references\/\" target=\"_blank\" rel=\"noreferrer noopener\">voir discographie<\/a><br><a rel=\"noreferrer noopener\" href=\"https:\/\/youtu.be\/LB7akHI9buo\" data-type=\"URL\" data-id=\"https:\/\/youtu.be\/LB7akHI9buo\" target=\"_blank\">vid\u00e9o mvt 1<\/a>   <a rel=\"noreferrer noopener\" href=\"https:\/\/youtu.be\/g2G4Wquu52w\" data-type=\"URL\" data-id=\"https:\/\/youtu.be\/g2G4Wquu52w\" target=\"_blank\">vid\u00e9o mvt 2 <\/a>   <a rel=\"noreferrer noopener\" href=\"https:\/\/youtu.be\/3-Ye7g2wYv0\" data-type=\"URL\" data-id=\"https:\/\/youtu.be\/3-Ye7g2wYv0\" target=\"_blank\">enregistrement mvt 3<\/a>   <a rel=\"noreferrer noopener\" href=\"https:\/\/youtu.be\/UA6JFNXB-KE\" data-type=\"URL\" data-id=\"https:\/\/youtu.be\/UA6JFNXB-KE\" target=\"_blank\">enregistrement mvt 4<\/a><\/p>\n\n\n\n<p class=\"wp-elements-3933fedf128592ed44c60c9b4bbcef8f has-link-color\">7 &#8211; <strong>Ba doan khuc <\/strong>(1967) 8\u201930&nbsp;<br>Trois pi\u00e8ces pour piano&nbsp;<br>Cr\u00e9ation : Paris, 1970, par Bernard Fauchet&nbsp;<br>\u00c9ditions Musicales Transatlantiques<br><a href=\"https:\/\/www.laflutedepan.com\/partition\/2194000\/tiet-ton-that-ba-doan-khuc-partition-piano.html\" data-type=\"URL\" data-id=\"https:\/\/www.laflutedepan.com\/partition\/2194000\/tiet-ton-that-ba-doan-khuc-partition-piano.html\" target=\"_blank\" rel=\"noreferrer noopener\">partition&nbsp;<\/a><\/p>\n\n\n\n<p class=\"wp-elements-ccc6372716b07bfff4bf572be5175c93 has-link-color\">8 &#8211; <strong>Vision II <\/strong>(1967) 10\u2019&nbsp;<br>pour fl\u00fbte et piano&nbsp;<br>\u00c9ditions Musicales Transatlantiques<br><a rel=\"noreferrer noopener\" href=\"https:\/\/www.di-arezzo.fr\/musique\/186594\/that-tiet-ton-vision-2-partition-flute-et-piano.html\" data-type=\"URL\" data-id=\"https:\/\/www.di-arezzo.fr\/musique\/186594\/that-tiet-ton-vision-2-partition-flute-et-piano.html\" target=\"_blank\">partition<\/a>&nbsp;<a href=\"https:\/\/laurencebancaud.com\/en\/ton-that-tiet\/references\/\" data-type=\"URL\" data-id=\"https:\/\/laurencebancaud.com\/ton-that-tiet\/references\/\" target=\"_blank\" rel=\"noreferrer noopener\">voir discographie<\/a><\/p>\n\n\n\n<p class=\"wp-elements-96ceb41bf03cb9f648a73f7c1d41ee53 has-link-color\">9 &#8211; <strong>Tu dai canh <\/strong>(1968) 15\u2019&nbsp;<br>pour fl\u00fbte, hautbois, clarinette, basson et piano&nbsp;<br>Cr\u00e9ation : Radio France, 1969, par le Quintette \u00e0 vent de Paris <br>\u00c9ditions Musicales Transatlantiques<br><a rel=\"noreferrer noopener\" href=\"https:\/\/youtu.be\/jAUWFfgfpkE\" data-type=\"URL\" data-id=\"https:\/\/youtu.be\/jAUWFfgfpkE\" target=\"_blank\">vid\u00e9o<\/a>  <a href=\"https:\/\/laurencebancaud.com\/en\/ton-that-tiet\/references\/\" data-type=\"URL\" data-id=\"https:\/\/laurencebancaud.com\/ton-that-tiet\/references\/\" target=\"_blank\" rel=\"noreferrer noopener\">voir discographie<\/a><\/p>\n\n\n\n<p>10 &#8211; <strong>Vang bong thoi xua <\/strong>(Reflets du temps pass\u00e9) (1969)&nbsp;<br>pour soprano et ensemble instrumental (fl, hb, cl, ba, co, trp, trb, perc, pn, cel, 2 vl,&nbsp; al, 2 vc)&nbsp;<br>Cr\u00e9ation : Paris, 1971, par Shiori Teramura et l&rsquo;ensemble Ars Nova&nbsp;<br>direction : Marius Constant&nbsp;<br>Commande du Minist\u00e8re de la Culture&nbsp;<br>\u00c9ditions Salabert&nbsp;<\/p>\n\n\n\n<p class=\"wp-elements-f99a69132a4e409cdd36cca4d9c7c403 has-link-color\">11 &#8211; <strong>Hy vong 267 <\/strong>(1969) 11\u2019&nbsp;<br>pour cor anglais et clavecin&nbsp;<br>Cr\u00e9ation : Radio France par Jean-Claude Malgoire et Dani\u00e8le Salzer&nbsp;<br>\u00c9ditions Musicales Transatlantiques<br><a href=\"https:\/\/www.prestomusic.com\/sheet-music\/products\/7323069--tiet-ton-that-hy-vong-267\" data-type=\"URL\" data-id=\"https:\/\/www.prestomusic.com\/sheet-music\/products\/7323069--tiet-ton-that-hy-vong-267\" target=\"_blank\" rel=\"noreferrer noopener\">partition<\/a>&nbsp;<\/p>\n\n\n\n<p>12 &#8211; <strong>Hy vong 14 <\/strong>14\u2019&nbsp;<br>pour cor anglais, clavecin et 12 cordes&nbsp;<br>Cr\u00e9ation : Biennale de Paris, 1971, par Jean-Claude Malgoire, Dani\u00e8le Salzer et&nbsp; l&rsquo;Orchestre de Chambre de Radio France, direction : Andr\u00e9 Girard&nbsp;<br>Commande du Minist\u00e8re de la Culture&nbsp;<br>\u00c9ditions Salabert&nbsp;<\/p>\n\n\n\n<p>13 &#8211; <strong>Ngu hanh I <\/strong>(1971) 14\u2019&nbsp;<br>pour ensemble d&rsquo;instruments anciens&nbsp;<br>Cr\u00e9ation : Domaine Musical \u00e0 Paris, 1973, par le Florilegium Musicum direction : Jean-Claude Malgoire&nbsp;<br>\u00c9ditions Salabert&nbsp;<\/p>\n\n\n\n<p class=\"wp-elements-6a32bdb526c13ace1f7364123f9d9f80 has-link-color\">14 &#8211; <strong>Ai van I <\/strong>(1972) 11\u201930&nbsp;<br>pour clavecin&nbsp;&nbsp;<br>Cr\u00e9ation : Radio France, 1972, par Blandine Verlet&nbsp;<br>\u00c9ditions Jobert<br><a rel=\"noreferrer noopener\" href=\"https:\/\/www.henry-lemoine.com\/fr\/partitions-par-instrument\/12819-ai-van-i.html\" data-type=\"URL\" data-id=\"https:\/\/www.henry-lemoine.com\/fr\/partitions-par-instrument\/12819-ai-van-i.html\" target=\"_blank\">partition&nbsp;<\/a>  <a href=\"https:\/\/laurencebancaud.com\/en\/ton-that-tiet\/references\/\" data-type=\"URL\" data-id=\"https:\/\/laurencebancaud.com\/ton-that-tiet\/references\/\" target=\"_blank\" rel=\"noreferrer noopener\">voir discographie<\/a><\/p>\n\n\n\n<p class=\"wp-elements-4ad3f03b85434d75eca079d55eed07c4 has-link-color\">15 &#8211; <strong>Ai van II <\/strong>(1972) 7\u2019&nbsp;<br>pour fl\u00fbte \u00e0 bec basse et clavecin&nbsp;<br>Cr\u00e9ation : Radio France, 1972, par Jean-Claude Veilhan et Blandine Verlet <br>\u00c9ditions Jobert<br><a rel=\"noreferrer noopener\" href=\"https:\/\/youtu.be\/oMUEWBoaQcU\" data-type=\"URL\" data-id=\"https:\/\/youtu.be\/oMUEWBoaQcU\" target=\"_blank\">vid\u00e9o \u00e0 5:44&nbsp;<\/a>     <a rel=\"noreferrer noopener\" href=\"https:\/\/www.henry-lemoine.com\/fr\/partitions-par-instrument\/12820-ai-van-ii.html\" data-type=\"URL\" data-id=\"https:\/\/www.henry-lemoine.com\/fr\/partitions-par-instrument\/12820-ai-van-ii.html\" target=\"_blank\">partition<\/a> <a href=\"https:\/\/laurencebancaud.com\/en\/ton-that-tiet\/references\/\" data-type=\"URL\" data-id=\"https:\/\/laurencebancaud.com\/ton-that-tiet\/references\/\" target=\"_blank\" rel=\"noreferrer noopener\"> voir discographie<\/a><\/p>\n\n\n\n<p class=\"wp-elements-f750a80593a2045d52c71046f5bad0ee has-link-color\">16 &#8211; <strong>Ngu hanh II <\/strong>(1973) 20\u2019&nbsp;<br>pour orchestre (3333\/4331\/timb. perc 4, pn, c\u00e9l, ha, orgue \u00e9lectronique, cordes) Cr\u00e9ation : Radio France, 1974, par l&rsquo;Orchestre Philharmonique de Radio France&nbsp; direction : Edgar Cosma&nbsp;<br>Commande de Radio France&nbsp;<br>\u00c9ditions Jobert<br><a href=\"https:\/\/www.henry-lemoine.com\/fr\/recherche?controller=search&amp;s=+Ngu+hanh+II\" data-type=\"URL\" data-id=\"https:\/\/www.henry-lemoine.com\/fr\/recherche?controller=search&amp;s=+Ngu+hanh+II\" target=\"_blank\" rel=\"noreferrer noopener\">partition&nbsp;<\/a><\/p>\n\n\n\n<p class=\"wp-elements-731b4ff02d9676641b3488cd09eea9c2 has-link-color\">17 &#8211; <strong>Tuong ni\u00eam <\/strong>(1973) 12\u201930&nbsp;<br>pour fl\u00fbte, alto et 2 harpes&nbsp;<br>Cr\u00e9ation : Festival Estival de Paris, 1974, par le Trio Debussy et Jacqueline Pierre <br>\u00c9ditions Musicales Transatlantiques<br><a href=\"https:\/\/www.harpebudin.com\/quatuor\/3256-ton-that-tiet-tuong-niem-flute-alto-2-harpes.html\" data-type=\"URL\" data-id=\"https:\/\/www.harpebudin.com\/quatuor\/3256-ton-that-tiet-tuong-niem-flute-alto-2-harpes.html\" target=\"_blank\" rel=\"noreferrer noopener\">partition<\/a>&nbsp;<\/p>\n\n\n\n<p class=\"wp-elements-e2511b76956d9ab3d5c833ed876f1730 has-link-color\">18 &#8211; <strong>Ni\u00eam <\/strong>(1974) 6\u201930&nbsp;<br>pour fl\u00fbte en sol et harpe<br>Cr\u00e9ation : Festival de Gargilesse, 1975, par Jacques Royer et Francis Pierre <br>\u00c9ditions Musicales Transatlantiques&nbsp;<br><a rel=\"noreferrer noopener\" href=\"https:\/\/www.linstrumentarium.fr\/harpes\/harpe-et-flute\/2272-ton-that-tiet-niem.html\" data-type=\"URL\" data-id=\"https:\/\/www.linstrumentarium.fr\/harpes\/harpe-et-flute\/2272-ton-that-tiet-niem.html\" target=\"_blank\">partition<\/a>  <a rel=\"noreferrer noopener\" href=\"https:\/\/laurencebancaud.com\/wp-content\/uploads\/2023\/02\/ang.-livret-CD-EIC.pdf\" data-type=\"URL\" data-id=\"https:\/\/laurencebancaud.com\/wp-content\/uploads\/2023\/01\/Livret-CD-EIC.pdf\" target=\"_blank\">livret CD<\/a>  <a href=\"https:\/\/laurencebancaud.com\/en\/ton-that-tiet\/references\/\" data-type=\"URL\" data-id=\"https:\/\/laurencebancaud.com\/ton-that-tiet\/references\/\" target=\"_blank\" rel=\"noreferrer noopener\">voir discographie<\/a><\/p>\n\n\n\n<p class=\"wp-elements-676f174ef96e162159bd1ddf81603905 has-link-color\">19 &#8211; <strong>V\u00f4 vi <\/strong>(1974) 16\u2019&nbsp;<br>pour orchestre \u00e0 cordes (ou 12 cordes)&nbsp;<br>Cr\u00e9ation : Radio France, par l&rsquo;Orchestre de Chambre de Radio France&nbsp;<br>direction : Andr\u00e9 Girard&nbsp;<br>Commande de Radio France&nbsp;<br>\u00c9ditions Billaudot<br><a href=\"https:\/\/www.billaudot.com\/vo-vi-14.html\" data-type=\"URL\" data-id=\"https:\/\/www.billaudot.com\/vo-vi-14.html\" target=\"_blank\" rel=\"noreferrer noopener\">partition<\/a>&nbsp;   <a rel=\"noreferrer noopener\" href=\"https:\/\/laurencebancaud.com\/wp-content\/uploads\/2023\/02\/ang.-livret-CD-Dialogue.pdf\" data-type=\"URL\" data-id=\"https:\/\/laurencebancaud.com\/wp-content\/uploads\/2023\/01\/Livret-CD-Dialogue-avec-la-nature.pdf\" target=\"_blank\">livret CD<\/a>   voir discographie<\/p>\n\n\n\n<p class=\"wp-elements-f298f4ff37d31417433ee6327bef00e6 has-link-color\">20 &#8211; <strong>An tuong <\/strong>(1974-75)&nbsp;<br>pour orchestre (3333\/4331\/timb, perc 4, pn, c\u00e9l, ha, cordes)&nbsp;<br>Cr\u00e9ation : Radio France, 1975, par l&rsquo;Orchestre Philharmonique de Radio France&nbsp; direction : Alain Bancquart&nbsp;<br>Commande du Minist\u00e8re de la Culture&nbsp;<br>\u00c9ditions Jobert&nbsp;<br><a href=\"https:\/\/www.henry-lemoine.com\/fr\/recherche?controller=search&amp;s=an+tuong\" data-type=\"URL\" data-id=\"https:\/\/www.henry-lemoine.com\/fr\/recherche?controller=search&amp;s=an+tuong\" target=\"_blank\" rel=\"noreferrer noopener\">partition<\/a><\/p>\n\n\n\n<p class=\"wp-elements-c0948a9f8bd841017490035ad858802a has-link-color\">21 &#8211; <strong>Chu ky I <\/strong>(1976) 15\u2019&nbsp;<br>pour trio \u00e0 cordes&nbsp;<br>Cr\u00e9ation : Paris, 1978, par le Trio \u00e0 Cordes de Paris&nbsp;<br>Commande du Minist\u00e8re de la Culture&nbsp;<br>\u00c9ditions Jobert<br><a rel=\"noreferrer noopener\" href=\"https:\/\/youtu.be\/4aksa_oXI98\" data-type=\"URL\" data-id=\"https:\/\/youtu.be\/4aksa_oXI98\" target=\"_blank\">enregistrement<\/a>   <a rel=\"noreferrer noopener\" href=\"https:\/\/www.henry-lemoine.com\/fr\/partitions-pour-ensemble\/12883-chu-ky-i.html\" data-type=\"URL\" data-id=\"https:\/\/www.henry-lemoine.com\/fr\/partitions-pour-ensemble\/12883-chu-ky-i.html\" target=\"_blank\">partition&nbsp;<\/a>   <a rel=\"noreferrer noopener\" href=\"https:\/\/laurencebancaud.com\/wp-content\/uploads\/2023\/02\/Chu-Ky-analyse.pdf\" data-type=\"URL\" data-id=\"https:\/\/laurencebancaud.com\/wp-content\/uploads\/2023\/02\/Chu-Ky-analyse.pdf\" target=\"_blank\">analyse<\/a>  <a href=\"https:\/\/laurencebancaud.com\/en\/ton-that-tiet\/references\/\" data-type=\"URL\" data-id=\"https:\/\/laurencebancaud.com\/ton-that-tiet\/references\/\" target=\"_blank\" rel=\"noreferrer noopener\">voir discographie<\/a><\/p>\n\n\n\n<p class=\"wp-elements-dcc5f970eb98049f8febb2950a41be2c has-link-color\">22 &#8211; <strong>Chu ky II <\/strong>(1976) 8\u201930&nbsp;<br>pour quintette de cuivres&nbsp;<br>Cr\u00e9ation : 1976, Festival d&rsquo;Armagnac, par le Quintette Ars Nova&nbsp;<br>direction : Marius Constant&nbsp;<br>\u00c9ditions Jobert&nbsp;<br><a href=\"https:\/\/www.henry-lemoine.com\/fr\/partitions-pour-ensemble\/12884-chu-ky-ii.html\" data-type=\"URL\" data-id=\"https:\/\/www.henry-lemoine.com\/fr\/partitions-pour-ensemble\/12884-chu-ky-ii.html\" target=\"_blank\" rel=\"noreferrer noopener\">partition<\/a><\/p>\n\n\n\n<p class=\"wp-elements-756ff19a92da68910173bd80d39535cd has-link-color\">23 &#8211; <strong>Chu ky III <\/strong>(1977) 11\u2019&nbsp;<br>pour harpe&nbsp;<br>Cr\u00e9ation : 1977, au Festival du Marais, par Francis Pierre&nbsp;<br>\u00c9ditions Jobert<br><a rel=\"noreferrer noopener\" href=\"https:\/\/youtu.be\/0OaY3CvybD0\" data-type=\"URL\" data-id=\"https:\/\/youtu.be\/0OaY3CvybD0\" target=\"_blank\">vid\u00e9o<\/a>   <a rel=\"noreferrer noopener\" href=\"https:\/\/www.henry-lemoine.com\/fr\/recherche?controller=search&amp;s=chu+ky+III\" data-type=\"URL\" data-id=\"https:\/\/www.henry-lemoine.com\/fr\/recherche?controller=search&amp;s=chu+ky+III\" target=\"_blank\">partition<\/a>    <a rel=\"noreferrer noopener\" href=\"https:\/\/laurencebancaud.com\/wp-content\/uploads\/2023\/02\/ang.-livret-CD-Trio-Salzedo.pdf\" data-type=\"URL\" data-id=\"https:\/\/laurencebancaud.com\/wp-content\/uploads\/2023\/01\/Livret-du-CD-Trio-SalzedoTTT.docx.pdf\" target=\"_blank\">livret CD<\/a>   <a rel=\"noreferrer noopener\" href=\"https:\/\/laurencebancaud.com\/wp-content\/uploads\/2023\/10\/Chu-Ky-III-interview-1.pdf\" data-type=\"URL\" data-id=\"https:\/\/laurencebancaud.com\/wp-content\/uploads\/2023\/03\/TTTinterview-HB.pdf\" target=\"_blank\">entretien<\/a>   <a rel=\"noreferrer noopener\" href=\"https:\/\/laurencebancaud.com\/wp-content\/uploads\/2023\/02\/Chu-Ky-analyse.pdf\" data-type=\"URL\" data-id=\"https:\/\/laurencebancaud.com\/wp-content\/uploads\/2023\/02\/Chu-Ky-analyse.pdf\" target=\"_blank\">analyse<\/a>  <a href=\"https:\/\/laurencebancaud.com\/en\/ton-that-tiet\/references\/\" data-type=\"URL\" data-id=\"https:\/\/laurencebancaud.com\/ton-that-tiet\/references\/\" target=\"_blank\" rel=\"noreferrer noopener\">voir discographie<\/a><\/p>\n\n\n\n<p class=\"wp-elements-d0a68e397a81fe176f71bdf0a1ac3381 has-link-color\">24 &#8211; <strong>Bao la <\/strong>(1977) 11\u2019&nbsp;<br>pour clarinette seule&nbsp;<br>Cr\u00e9ation : Paris, 1978, par Robert Fontaine&nbsp;<br>\u00c9ditions Musicales Transatlantiques&nbsp;<br><a rel=\"noreferrer noopener\" href=\"https:\/\/youtu.be\/YnN4wrAccv4\" data-type=\"URL\" data-id=\"https:\/\/youtu.be\/YnN4wrAccv4\" target=\"_blank\">vid\u00e9o<\/a>   <a rel=\"noreferrer noopener\" href=\"https:\/\/www.laflutedepan.com\/partition\/149463\/tiet-ton-that-bao-la-partition-clarinette-seule.html\" data-type=\"URL\" data-id=\"https:\/\/www.laflutedepan.com\/partition\/149463\/tiet-ton-that-bao-la-partition-clarinette-seule.html\" target=\"_blank\">partition<\/a>  voir discographie<\/p>\n\n\n\n<p class=\"wp-elements-56ab76fb84b5688876ffd6bb3b914272 has-link-color\">25 &#8211; <strong>Chu ky IV <\/strong>(1977) 19\u2019&nbsp;<br>pour 4 percussions&nbsp;<br>Cr\u00e9ation : Radio-France, 1979, par le Quatuor de Percussions de Paris&nbsp;<br>Commande de Radio France&nbsp;<br>\u00c9ditions Jobert<br><a href=\"https:\/\/www.henry-lemoine.com\/fr\/partitions-pour-ensemble\/12906-chu-ky-iv.html\" data-type=\"URL\" data-id=\"https:\/\/www.henry-lemoine.com\/fr\/partitions-pour-ensemble\/12906-chu-ky-iv.html\" target=\"_blank\" rel=\"noreferrer noopener\">partition<\/a><\/p>\n\n\n\n<p class=\"wp-elements-af171769b5437c01a0183f1d9e7f70e3 has-link-color\">26 &#8211; <strong>Kiem Ai <\/strong>(1978) 45\u2019&nbsp;<br>pour ch\u0153ur mixte, ch\u0153ur d&rsquo;enfants et orchestre <br>sur des po\u00e8mes de Tou Fou et T\u00f4n-Th\u00e2t Ti\u00eat&nbsp;<br>Cr\u00e9ation : Radio France, 1982, par les ch\u0153urs et l\u2019orchestre de Radio France<br>direction : Jacques Mercier&nbsp;<br>Commande de Radio France&nbsp;<br>\u00c9ditions Jobert<br><a href=\"https:\/\/www.henry-lemoine.com\/fr\/partitions-chant-et-chorales\/13762-kiem-ai.html\" data-type=\"URL\" data-id=\"https:\/\/www.henry-lemoine.com\/fr\/partitions-chant-et-chorales\/13762-kiem-ai.html\" target=\"_blank\" rel=\"noreferrer noopener\">partition<\/a>&nbsp;<\/p>\n\n\n\n<p class=\"wp-elements-0df530cd49c542355b0ed1de135f4411 has-link-color\">27 &#8211; <strong>Images lointaines II <\/strong>(1979-80) 21\u201930&nbsp;<br>pour soprano et orchestre (2222\/2220, perc 2, ha, pn, cel, cordes)&nbsp;<br>Cr\u00e9ation : Lille, 1981, par Michiko Hirayama et l&rsquo;Orchestre Philharmonique de Lille&nbsp; direction : Cyril Diederich&nbsp;<br>Commande du Minist\u00e8re de la Culture&nbsp;<br>\u00c9ditions Jobert&nbsp;<br><a href=\"https:\/\/www.henry-lemoine.com\/fr\/partitions-chant-et-chorales\/12916-images-lointaines-ii.html\" data-type=\"URL\" data-id=\"https:\/\/www.henry-lemoine.com\/fr\/partitions-chant-et-chorales\/12916-images-lointaines-ii.html\" target=\"_blank\" rel=\"noreferrer noopener\">partition<\/a><\/p>\n\n\n\n<p class=\"wp-elements-3df879e67df88a12765a6b41de2a734b has-link-color\">28 &#8211; <strong>Tranh <\/strong>(1980) 4\u201915&nbsp;<br>pour harpe celtique et harpe&nbsp;<br>\u00c9ditions Musicales Transatlantiques<br><a href=\"https:\/\/shop.camac-harps.com\/fr\/produit\/ton-that-tiet-tranh-hc-et-harpe\/\" data-type=\"URL\" data-id=\"https:\/\/shop.camac-harps.com\/fr\/produit\/ton-that-tiet-tranh-hc-et-harpe\/\" target=\"_blank\" rel=\"noreferrer noopener\">partition&nbsp;<\/a><\/p>\n\n\n\n<p class=\"wp-elements-f23022c22d3d05335cbc3a29519af095 has-link-color\">29 &#8211; <strong>Trung dzuong <\/strong>(1980) 12\u2019&nbsp;<br>pour piano&nbsp;<br>Commande du Minist\u00e8re de la Culture&nbsp;<br>\u00c9ditions Jobert<br><a rel=\"noreferrer noopener\" href=\"https:\/\/www.henry-lemoine.com\/fr\/recherche?controller=search&amp;s=trung+dzuong\" data-type=\"URL\" data-id=\"https:\/\/www.henry-lemoine.com\/fr\/recherche?controller=search&amp;s=trung+dzuong\" target=\"_blank\">partition&nbsp;<\/a>   <a rel=\"noreferrer noopener\" href=\"https:\/\/laurencebancaud.com\/wp-content\/uploads\/2023\/02\/ang.-livret-CD-EIC.pdf\" data-type=\"URL\" data-id=\"https:\/\/laurencebancaud.com\/wp-content\/uploads\/2023\/01\/Livret-CD-EIC.pdf\" target=\"_blank\">livret CD<\/a>   <a rel=\"noreferrer noopener\" href=\"https:\/\/laurencebancaud.com\/en\/ton-that-tiet\/references\/\" data-type=\"URL\" data-id=\"https:\/\/laurencebancaud.com\/ton-that-tiet\/references\/\" target=\"_blank\">voir discographie<\/a>  <a href=\"https:\/\/youtu.be\/wPLX3P6iNr0\" data-type=\"URL\" data-id=\"https:\/\/youtu.be\/wPLX3P6iNr0\" target=\"_blank\" rel=\"noreferrer noopener\">vid\u00e9o<\/a><\/p>\n\n\n\n<p class=\"wp-elements-062bf16e1a84111050afa12ddbd6acac has-link-color\">30 &#8211; <strong>Terre-Feu <\/strong>(1981) 10\u2019&nbsp;<br>pour alto seul&nbsp;<br>Cr\u00e9ation : Saint-Gervais, 1981, par Tasso Adamopoulos&nbsp;<br>\u00c9ditions Jobert&nbsp;<br><a rel=\"noreferrer noopener\" href=\"https:\/\/youtu.be\/f26DSjFAWOw\" data-type=\"URL\" data-id=\"https:\/\/youtu.be\/f26DSjFAWOw\" target=\"_blank\">vid\u00e9o<\/a>   <a rel=\"noreferrer noopener\" href=\"https:\/\/www.henry-lemoine.com\/fr\/partitions-par-instrument\/12937-terre-feu.html\" data-type=\"URL\" data-id=\"https:\/\/www.henry-lemoine.com\/fr\/partitions-par-instrument\/12937-terre-feu.html\" target=\"_blank\">partition<\/a>   <a rel=\"noreferrer noopener\" href=\"https:\/\/laurencebancaud.com\/wp-content\/uploads\/2023\/02\/ang.-livret-CD-EIC.pdf\" data-type=\"URL\" data-id=\"https:\/\/laurencebancaud.com\/wp-content\/uploads\/2023\/01\/Livret-CD-EIC.pdf\" target=\"_blank\">livret CD<\/a>   <a href=\"https:\/\/laurencebancaud.com\/en\/ton-that-tiet\/references\/\" data-type=\"URL\" data-id=\"https:\/\/laurencebancaud.com\/ton-that-tiet\/references\/\" target=\"_blank\" rel=\"noreferrer noopener\">voir discographie<\/a><\/p>\n\n\n\n<p class=\"wp-elements-dc37bb8ffc79d9e5bb1ce2c587918bf1 has-link-color\">31 &#8211; <strong>M\u00e9tal-Terre-Eau <\/strong>(1982) 10\u2019&nbsp;<br>pour violon seul&nbsp;<br>Cr\u00e9ation : Nice, 1983, Perspectives du XXe si\u00e8cle, par Charles Frey&nbsp;<br>Commande de Radio France&nbsp;<br>\u00c9ditions Jobert&nbsp;<br><a rel=\"noreferrer noopener\" href=\"https:\/\/youtu.be\/6GX6cNLqEmU\" data-type=\"URL\" data-id=\"https:\/\/youtu.be\/6GX6cNLqEmU\" target=\"_blank\">enregistrement<\/a>    <a rel=\"noreferrer noopener\" href=\"https:\/\/www.henry-lemoine.com\/fr\/partitions-par-instrument\/12938-metal-terre-eau.html\" data-type=\"URL\" data-id=\"https:\/\/www.henry-lemoine.com\/fr\/partitions-par-instrument\/12938-metal-terre-eau.html\" target=\"_blank\">partition<\/a>   <a rel=\"noreferrer noopener\" href=\"https:\/\/laurencebancaud.com\/wp-content\/uploads\/2023\/02\/ang.-livret-CD-EIC.pdf\" data-type=\"URL\" data-id=\"https:\/\/laurencebancaud.com\/wp-content\/uploads\/2023\/01\/Livret-CD-EIC.pdf\" target=\"_blank\">livret CD<\/a>  <a rel=\"noreferrer noopener\" href=\"https:\/\/laurencebancaud.com\/wp-content\/uploads\/2023\/02\/Jeu-des-Cinq-Elements.pdf\" data-type=\"URL\" data-id=\"https:\/\/laurencebancaud.com\/wp-content\/uploads\/2023\/02\/Jeu-des-Cinq-Elements.pdf\" target=\"_blank\">analyse<\/a>   voir discographie<\/p>\n\n\n\n<p class=\"wp-elements-cb8b0e9abdda98640f3dc7f3343e935f has-link-color\">32 &#8211; <strong>Bois-Terre <\/strong>(1982) 10\u2019&nbsp;<br>pour violoncelle seul&nbsp;<br>Cr\u00e9ation : Nice, 1983, Perspectives du XXe si\u00e8cle, par Jean Grout&nbsp;<br>\u00c9ditions Jobert<br><a rel=\"noreferrer noopener\" href=\"https:\/\/youtu.be\/RoWDzohOCD8\" data-type=\"URL\" data-id=\"https:\/\/youtu.be\/RoWDzohOCD8\" target=\"_blank\">vid\u00e9o&nbsp;<\/a>    <a rel=\"noreferrer noopener\" href=\"https:\/\/www.henry-lemoine.com\/fr\/partitions-par-instrument\/12939-bois-terre.html\" data-type=\"URL\" data-id=\"https:\/\/www.henry-lemoine.com\/fr\/partitions-par-instrument\/12939-bois-terre.html\" target=\"_blank\">partition<\/a>   <a href=\"https:\/\/laurencebancaud.com\/wp-content\/uploads\/2023\/02\/Jeu-des-Cinq-Elements.pdf\" data-type=\"URL\" data-id=\"https:\/\/laurencebancaud.com\/wp-content\/uploads\/2023\/02\/Jeu-des-Cinq-Elements.pdf\" target=\"_blank\" rel=\"noreferrer noopener\">analyse<\/a><\/p>\n\n\n\n<p class=\"wp-elements-8669bd4eefdbd0bfd2f397039a221aab has-link-color\">33 &#8211; <strong>Jeu des Cinq \u00c9l\u00e9ments I <\/strong>(1982) 11\u2019&nbsp;<br>pour violon et violoncelle&nbsp;<br>Cr\u00e9ation : Nice, 1983, Perspectives du XXe si\u00e8cle, par Charles Frey et Jean Grout Commande Radio France&nbsp;<br>\u00c9ditions Jobert&nbsp;<br><a rel=\"noreferrer noopener\" href=\"https:\/\/youtu.be\/PiLhO5OGjYk\" data-type=\"URL\" data-id=\"https:\/\/youtu.be\/PiLhO5OGjYk\" target=\"_blank\">vid\u00e9o<\/a>    <a rel=\"noreferrer noopener\" href=\"https:\/\/www.laflutedepan.com\/partition\/170065\/tiet-ton-that-jeu-des-cinq-elements-1-violon-violoncelle.html\" data-type=\"URL\" data-id=\"https:\/\/www.laflutedepan.com\/partition\/170065\/tiet-ton-that-jeu-des-cinq-elements-1-violon-violoncelle.html\" target=\"_blank\">partition<\/a>  <a rel=\"noreferrer noopener\" href=\"https:\/\/laurencebancaud.com\/wp-content\/uploads\/2023\/02\/ang.-livret-CD-EIC.pdf\" data-type=\"URL\" data-id=\"https:\/\/laurencebancaud.com\/wp-content\/uploads\/2023\/01\/Livret-CD-EIC.pdf\" target=\"_blank\"> livret CD<\/a>   <a rel=\"noreferrer noopener\" href=\"https:\/\/laurencebancaud.com\/wp-content\/uploads\/2023\/02\/Jeu-des-Cinq-Elements.pdf\" data-type=\"URL\" data-id=\"https:\/\/laurencebancaud.com\/wp-content\/uploads\/2023\/02\/Jeu-des-Cinq-Elements.pdf\" target=\"_blank\">analyse<\/a>  <a href=\"https:\/\/laurencebancaud.com\/en\/ton-that-tiet\/references\/\" data-type=\"URL\" data-id=\"https:\/\/laurencebancaud.com\/ton-that-tiet\/references\/\" target=\"_blank\" rel=\"noreferrer noopener\">voir discographie<\/a><\/p>\n\n\n\n<p class=\"wp-elements-432516897f57885f2f193157777fd367 has-link-color\">34 &#8211; <strong>Jeu des Cinq \u00c9l\u00e9ments II <\/strong>(1982) 10\u2019&nbsp;<br>pour basson seul&nbsp;<br>Cr\u00e9ation : Radio France, par Alexandre Ouzounoff&nbsp;<br>Commande du Minist\u00e8re de la Culture&nbsp;<br>\u00c9ditions Jobert&nbsp;<br><a href=\"https:\/\/youtu.be\/P0Y6oXI_ntk\" data-type=\"URL\" data-id=\"https:\/\/youtu.be\/P0Y6oXI_ntk\" target=\"_blank\" rel=\"noreferrer noopener\">vid\u00e9o<\/a>   <a rel=\"noreferrer noopener\" href=\"https:\/\/www.laflutedepan.com\/partition\/171612\/that-tiet-ton-jeu-des-cinq-elements-2-version-non-simplifiee-partition-basson-seul.html\" data-type=\"URL\" data-id=\"https:\/\/www.laflutedepan.com\/partition\/171612\/that-tiet-ton-jeu-des-cinq-elements-2-version-non-simplifiee-partition-basson-seul.html\" target=\"_blank\">partition<\/a><\/p>\n\n\n\n<p class=\"wp-elements-ff46610c76abd2d3fe2a20257b0c17e9 has-link-color\">35 &#8211; <strong>Chu ky V <\/strong>(1983) 15\u2019&nbsp;<br>pour fl\u00fbte et bande magn\u00e9tique<br>Cr\u00e9ation : Paris, IRCAM, 1983, par Sophie Cherrier&nbsp;<br>\u00c9ditions Jobert&nbsp;<br><a href=\"https:\/\/www.henry-lemoine.com\/fr\/partitions-par-instrument\/12958-chu-ky-v.html\" data-type=\"URL\" data-id=\"https:\/\/www.henry-lemoine.com\/fr\/partitions-par-instrument\/12958-chu-ky-v.html\" target=\"_blank\" rel=\"noreferrer noopener\">partition<\/a><\/p>\n\n\n\n<p class=\"wp-elements-e87af8567480ce02815134ca71d9f324 has-link-color\">36 &#8211; <strong>Jeu des Cinq \u00c9l\u00e9ments III <\/strong>(1984) 17\u2019&nbsp;<br>pour trio \u00e0 cordes et harpe&nbsp;<br>Cr\u00e9ation : Radio France, 1985, par Fr\u00e9d\u00e9rique Cambreling et le Trio \u00e0 Cordes de&nbsp; Paris&nbsp;<br>Commande du Minist\u00e8re de la Culture&nbsp;<br>\u00c9ditions Jobert&nbsp;<br><a rel=\"noreferrer noopener\" href=\"https:\/\/www.henry-lemoine.com\/fr\/partitions-pour-ensemble\/12967-jeu-des-5-elements-iii.html\" data-type=\"URL\" data-id=\"https:\/\/www.henry-lemoine.com\/fr\/partitions-pour-ensemble\/12967-jeu-des-5-elements-iii.html\" target=\"_blank\">partition<\/a>   <a rel=\"noreferrer noopener\" href=\"https:\/\/laurencebancaud.com\/wp-content\/uploads\/2023\/02\/ang.-livret-CD-EIC.pdf\" data-type=\"URL\" data-id=\"https:\/\/laurencebancaud.com\/wp-content\/uploads\/2023\/01\/Livret-CD-EIC.pdf\" target=\"_blank\">livret CD<\/a>  <a href=\"https:\/\/laurencebancaud.com\/en\/ton-that-tiet\/references\/\" data-type=\"URL\" data-id=\"https:\/\/laurencebancaud.com\/ton-that-tiet\/references\/\" target=\"_blank\" rel=\"noreferrer noopener\">voir discographie<\/a><\/p>\n\n\n\n<p class=\"wp-elements-d38241df547d03ee248742b6a2cadbdc has-link-color\">37 &#8211; <strong>Le Chant de l\u2019esp\u00e9rance <\/strong>(1984) 8\u201940&nbsp;<br>pour ch\u0153ur d&rsquo;enfants et ensemble instrumental (cor, percussion, piano, quatuor \u00e0&nbsp; cordes)&nbsp;<br>sur un po\u00e8me de Tou Fou&nbsp;<br>\u00c9ditions Jobert<br><a rel=\"noreferrer noopener\" href=\"https:\/\/youtu.be\/QMQPidRSykg\" data-type=\"URL\" data-id=\"https:\/\/youtu.be\/QMQPidRSykg\" target=\"_blank\">vid\u00e9o&nbsp;<\/a>   <a rel=\"noreferrer noopener\" href=\"https:\/\/www.henry-lemoine.com\/fr\/partitions-chant-et-chorales\/13418-le-chant-de-l-esperance.html\" data-type=\"URL\" data-id=\"https:\/\/www.henry-lemoine.com\/fr\/partitions-chant-et-chorales\/13418-le-chant-de-l-esperance.html\" target=\"_blank\">partition<\/a> <a rel=\"noreferrer noopener\" href=\"https:\/\/www.henry-lemoine.com\/fr\/partitions-chant-et-chorales\/14418-le-chant-de-l-esperance.html\" data-type=\"URL\" data-id=\"https:\/\/www.henry-lemoine.com\/fr\/partitions-chant-et-chorales\/14418-le-chant-de-l-esperance.html\" target=\"_blank\">partition<\/a>  <\/p>\n\n\n\n<p class=\"wp-elements-675303c3b2a1ae0c04ebfbed5fcb2caa has-link-color\">38 &#8211; <strong>Concerto pour violoncelle <\/strong>(1985) 26\u201930&nbsp;<br>pour violoncelle et orchestre (2222\/2220\/timb, perc 2, pn, ha\/cordes)&nbsp;<br>Cr\u00e9ation : Nice, Festival Manca, 1986, par Alain Meunier et l&rsquo;Orchestre de Cannes Provence-C\u00f4te d&rsquo;Azur, direction : Philippe Bender&nbsp;<br>Commande de Radio France&nbsp;<br>\u00c9ditions Billaudot&nbsp;<br><a href=\"https:\/\/www.billaudot.com\/concerto-pour-violoncelle-187.html\" data-type=\"URL\" data-id=\"https:\/\/www.billaudot.com\/concerto-pour-violoncelle-187.html\" target=\"_blank\" rel=\"noreferrer noopener\">partition<\/a><\/p>\n\n\n\n<p class=\"wp-elements-96bb1cd97161e07bb02ce7b2e3b949dd has-link-color\">39 &#8211; <strong>Strasbourg 85 <\/strong>(1986) 17\u2019&nbsp;<br>pour orgue&nbsp;<br>Cr\u00e9ation : Radio France, 1988, par Michel Fischer&nbsp;<br>Commande de Radio France&nbsp;<br>\u00c9ditions Jobert<br><a href=\"https:\/\/www.henry-lemoine.com\/fr\/partitions-par-instrument\/13001-strasbourg-85.html\" data-type=\"URL\" data-id=\"https:\/\/www.henry-lemoine.com\/fr\/partitions-par-instrument\/13001-strasbourg-85.html\" target=\"_blank\" rel=\"noreferrer noopener\">partition<\/a>&nbsp;<\/p>\n\n\n\n<p class=\"wp-elements-5562243c702555ce73dff781eaef676e has-link-color\">40 &#8211; <strong>Chu ky VII <\/strong>(1986) 21\u201930&nbsp;<br>pour harpe principale et ensemble instrumental&nbsp;&nbsp;<br>(1121\/1220\/perc 2, pn, ha \/quintette \u00e0 cordes)&nbsp;<br>Cr\u00e9ation : Centre Pompidou, 1987, par l&rsquo;Ensemble Intercontemporain&nbsp;<br>direction : Kent Nagano, harpe solo : Marie-Claire Jamet&nbsp;<br>Commande de l&rsquo;EIC&nbsp;<br>\u00c9ditions Jobert<br><a href=\"https:\/\/www.henry-lemoine.com\/fr\/partitions-pour-ensemble\/14298-chu-ky-vii.html\" data-type=\"URL\" data-id=\"https:\/\/www.henry-lemoine.com\/fr\/partitions-pour-ensemble\/14298-chu-ky-vii.html\" target=\"_blank\" rel=\"noreferrer noopener\">partition<\/a>&nbsp;<\/p>\n\n\n\n<p class=\"wp-elements-7a59220ec66e62debdccdd1792bb8cdd has-link-color\">41 &#8211; <strong>Dzao <\/strong>(1987) 18\u2019&nbsp;<br>9 pr\u00e9ludes pour clavecin&nbsp;<br>Cr\u00e9ation : Festival Estival de Paris 1987&nbsp;<br>Commande de Radio France et Festival Estival de Paris&nbsp;&nbsp;<br>\u00c9ditions Jobert<br><a rel=\"noreferrer noopener\" href=\"https:\/\/youtu.be\/F2CwHAS7UR4\" data-type=\"URL\" data-id=\"https:\/\/youtu.be\/F2CwHAS7UR4\" target=\"_blank\">vid\u00e9o 1er pr\u00e9lude<\/a>   <a href=\"https:\/\/www.henry-lemoine.com\/fr\/partitions-par-instrument\/13059-dzao-9-preludes.html\" data-type=\"URL\" data-id=\"https:\/\/www.henry-lemoine.com\/fr\/partitions-par-instrument\/13059-dzao-9-preludes.html\" target=\"_blank\" rel=\"noreferrer noopener\">partition<\/a><\/p>\n\n\n\n<p class=\"wp-elements-6944c16cca936745a2b375162d7f9de9 has-link-color\">42 &#8211; <strong>Les Jardins d\u2019autre monde <\/strong>(1987) 29\u2019&nbsp;<br>pour harpe principale et ensemble instrumental&nbsp;&nbsp;<br>(fl, hb, cl, bn, ha, 1 perc, trio \u00e0 cordes)&nbsp;<br>Cr\u00e9ation : Radio France, 1988, par l&rsquo;Ensemble Alternance&nbsp;<br>direction : Luca Pfaff, harpe solo : Sylvie Beltrando&nbsp;<br>Commande du Minist\u00e8re de la Culture&nbsp;<br>\u00c9ditions Jobert&nbsp;<br><a rel=\"noreferrer noopener\" href=\"https:\/\/youtu.be\/vvcGD9-K5oM\" data-type=\"URL\" data-id=\"https:\/\/youtu.be\/vvcGD9-K5oM\" target=\"_blank\">enregistrement<\/a> <a rel=\"noreferrer noopener\" href=\"https:\/\/www.henry-lemoine.com\/fr\/partitions-pour-ensemble\/13027-les-jardins-d-autre-monde.html\" data-type=\"URL\" data-id=\"https:\/\/www.henry-lemoine.com\/fr\/partitions-pour-ensemble\/13027-les-jardins-d-autre-monde.html\" target=\"_blank\">partition<\/a>  <a href=\"https:\/\/laurencebancaud.com\/en\/ton-that-tiet\/references\/\" data-type=\"URL\" data-id=\"https:\/\/laurencebancaud.com\/ton-that-tiet\/references\/\" target=\"_blank\" rel=\"noreferrer noopener\">voir discographie<\/a><\/p>\n\n\n\n<p class=\"wp-elements-9e5848e7e73c6cf77cc73ac39a742b66 has-link-color\">43 &#8211; <strong>Trois Intermezzi <\/strong>(1987) 8\u201930&nbsp;<br>pour basson, percussion et harpe&nbsp;<br>\u00c9ditions Jobert&nbsp;<br><a rel=\"noreferrer noopener\" href=\"https:\/\/www.linstrumentarium.fr\/harpes\/harpe-et-autres-instruments\/2654-ton-that-tiet-3-intermezzi.html\" data-type=\"URL\" data-id=\"https:\/\/www.linstrumentarium.fr\/harpes\/harpe-et-autres-instruments\/2654-ton-that-tiet-3-intermezzi.html\" target=\"_blank\">partition<\/a> <a href=\"https:\/\/laurencebancaud.com\/wp-content\/uploads\/2023\/02\/Trois-Intermezzi.docx.pdf\" data-type=\"URL\" data-id=\"https:\/\/laurencebancaud.com\/wp-content\/uploads\/2023\/01\/texte-Trois-Intermezzi.docx.pdf\" target=\"_blank\" rel=\"noreferrer noopener\">notice<\/a><\/p>\n\n\n\n<p class=\"wp-elements-c2aec02e638f38c56c609a773627f2d9 has-link-color\">44 &#8211; <strong>Praj\u00f1a Paramita <\/strong>(1988) 27\u2019&nbsp;<br>pour 6 voix (ou ensemble vocal) et ensemble instrumental&nbsp;<br>(Fl, Hb, Cl, Cor, Trb\/2 Perc\/ 1vn, 1vcl)&nbsp;<br>sur un texte bouddhique&nbsp;<br>Cr\u00e9ation : Festival d&rsquo;Art Sacr\u00e9 de Paris, 1988, par l&rsquo;ensemble A Sei Voci et&nbsp; l&rsquo;ensemble Alternance, direction : Sandro Gorli&nbsp;<br>Commande du Festival d&rsquo;Art Sacr\u00e9&nbsp;<br>\u00c9ditions Jobert<br><a href=\"https:\/\/www.henry-lemoine.com\/fr\/recherche?controller=search&amp;s=prajna+paramita\" data-type=\"URL\" data-id=\"https:\/\/www.henry-lemoine.com\/fr\/recherche?controller=search&amp;s=prajna+paramita\" target=\"_blank\" rel=\"noreferrer noopener\">partition&nbsp;<\/a><\/p>\n\n\n\n<p class=\"wp-elements-95f1ffeda6a17fb82577f67f4a92ffd0 has-link-color\">45 &#8211; <strong>Kim co <\/strong>(1988) 8\u201930&nbsp;<br>pour fl\u00fbte \u00e0 bec alto&nbsp;<br>Commande du Minist\u00e8re de la Culture pour le Concours International de Fl\u00fbte \u00e0 bec&nbsp; 1988&nbsp;<br>\u00c9ditions Jobert&nbsp;<br><a rel=\"noreferrer noopener\" href=\"https:\/\/youtu.be\/oMUEWBoaQcU\" data-type=\"URL\" data-id=\"https:\/\/youtu.be\/oMUEWBoaQcU\" target=\"_blank\">vid\u00e9o \u00e0 14:56<\/a>   <a rel=\"noreferrer noopener\" href=\"https:\/\/www.henry-lemoine.com\/fr\/partitions-par-instrument\/14024-kim-co-.html\" data-type=\"URL\" data-id=\"https:\/\/www.henry-lemoine.com\/fr\/partitions-par-instrument\/14024-kim-co-.html\" target=\"_blank\">partition<\/a><\/p>\n\n\n\n<p>46 &#8211; <strong>Doi dzien <\/strong>(1988) 14\u2019&nbsp;<br>pour fl\u00fbte \u00e0 bec t\u00e9nor et bande magn\u00e9tique&nbsp;<br>Cr\u00e9ation : Festival Dublin, 1991, par Marjolijn van Roon&nbsp;<br>\u00c9ditions Zurfluh&nbsp;<\/p>\n\n\n\n<p class=\"wp-elements-218c4e0823975d2f7491eb703f398400 has-link-color\">47 &#8211; <strong>Pr\u00e9ludes \u00e0 un dialogue <\/strong>(1989) 13\u201930&nbsp;<br>pour 2 guitares&nbsp;<br>Cr\u00e9ation : Radio France, 1989, par le duo Horreaux-Tr\u00e9hard&nbsp;<br>\u00c9ditions Billaudot&nbsp;<br><a rel=\"noreferrer noopener\" href=\"https:\/\/youtu.be\/moBNbLCXxwY\" data-type=\"URL\" data-id=\"https:\/\/youtu.be\/moBNbLCXxwY\" target=\"_blank\">vid\u00e9o<\/a>   <a href=\"https:\/\/www.billaudot.com\/36181-preludes-a-un-dialogue.html\" data-type=\"URL\" data-id=\"https:\/\/www.billaudot.com\/36181-preludes-a-un-dialogue.html\" target=\"_blank\" rel=\"noreferrer noopener\">partition<\/a>   <a rel=\"noreferrer noopener\" href=\"https:\/\/laurencebancaud.com\/wp-content\/uploads\/2023\/02\/ang.-livret-CD-Dialogue.pdf\" data-type=\"URL\" data-id=\"https:\/\/laurencebancaud.com\/wp-content\/uploads\/2023\/01\/Livret-CD-Dialogue-avec-la-nature.pdf\" target=\"_blank\">livret CD<\/a>   <a rel=\"noreferrer noopener\" href=\"https:\/\/laurencebancaud.com\/en\/ton-that-tiet\/references\/\" data-type=\"URL\" data-id=\"https:\/\/laurencebancaud.com\/ton-that-tiet\/references\/\" target=\"_blank\">voir discographie<\/a><\/p>\n\n\n\n<p>48 &#8211; <strong>Dang phung vu <\/strong>(1989) 7\u2019&nbsp;<br>pour ensemble instrumental (fl, cl. basse, pn\/synth\u00e9, 1 perc, alto, vn)&nbsp;<br>Cr\u00e9ation : Paris, 1990, par l&rsquo;Atelier Musique de Ville d&rsquo;Avray&nbsp;<br>\u00c9ditions Zurfluh&nbsp;<\/p>\n\n\n\n<p class=\"wp-elements-229a510912c386feb25dc2508b50e433 has-link-color\">49 &#8211; <strong>Moments rituels I <\/strong>(1989) 18\u2019&nbsp;<br>pour saxophone t\u00e9nor, percussion et synth\u00e9tiseur&nbsp;<br>Cr\u00e9ation : Rencontres R\u00e9gionales de Saxophone&nbsp;<br>Alpes-Provence-C\u00f4te d&rsquo;Azur, 1990&nbsp;<br>Commande du Minist\u00e8re de la Culture&nbsp;<br>\u00c9ditions Jobert<br><a href=\"https:\/\/www.henry-lemoine.com\/fr\/partitions-pour-ensemble\/13030-moments-rituels-i.html\" data-type=\"URL\" data-id=\"https:\/\/www.henry-lemoine.com\/fr\/partitions-pour-ensemble\/13030-moments-rituels-i.html\" target=\"_blank\" rel=\"noreferrer noopener\">partition&nbsp;<\/a><\/p>\n\n\n\n<p>50 &#8211; <strong>Jeu des Cinq \u00c9l\u00e9ments IV <\/strong>(1990) 10\u201930<br>pour violon, violoncelle et piano&nbsp;<br>\u00c9ditions Jobert&nbsp;<\/p>\n\n\n\n<p class=\"wp-elements-3c0566f6a5e85c48ee26f039a8b1d12f has-link-color\">51 &#8211; <strong>Chanan 1 <\/strong>(1990) 2\u201930&nbsp;<br>pour violon et piano&nbsp;<br>Compos\u00e9 pour la collection <em>Panorama&nbsp;<\/em><br>\u00c9ditions Billaudot<br><a href=\"https:\/\/www.billaudot.com\/panorama-violon.-volume-2-2.html\" data-type=\"URL\" data-id=\"https:\/\/www.billaudot.com\/panorama-violon.-volume-2-2.html\" target=\"_blank\" rel=\"noreferrer noopener\">partition<\/a>&nbsp;<\/p>\n\n\n\n<p class=\"wp-elements-788620632f3c20d5dba0cc6ed0b20787 has-link-color\">52 &#8211; <strong>Le Chemin de Bouddha <\/strong>(1990\/91) 1h25\u2019&nbsp;<br>Ballet en 4 tableaux pour ch\u0153ur et orchestre&nbsp;<br>Cr\u00e9ation : Radio-France, 1993, par l\u2019Orchestre National d\u2019Ile de France direction : Jacques Mercier&nbsp;<br>Commande de Radio France &#8211; Minist\u00e8re de la Culture&nbsp;<br>\u00c9ditions Jobert<br><a href=\"https:\/\/www.henry-lemoine.com\/fr\/partitions-chant-et-chorales\/13065-le-chemin-du-bouddha.html\" data-type=\"URL\" data-id=\"https:\/\/www.henry-lemoine.com\/fr\/partitions-chant-et-chorales\/13065-le-chemin-du-bouddha.html\" target=\"_blank\" rel=\"noreferrer noopener\">partition&nbsp;<\/a><\/p>\n\n\n\n<p class=\"wp-elements-7fe1cda909839bb2c1f96fadca3d96ae has-link-color\">53 &#8211; <strong>Phong vu <\/strong>(1991) 14\u201930&nbsp;<br>pour quatuor \u00e0 cordes&nbsp;<br>Cr\u00e9ation : Conservatoire National de R\u00e9gion de Marseille, 2005&nbsp;<br>Commande du Kronos Quartet&nbsp;<br>\u00c9ditions Jobert<br><a href=\"https:\/\/www.henry-lemoine.com\/fr\/partitions-pour-ensemble\/13037-phong-vu.html\" data-type=\"URL\" data-id=\"https:\/\/www.henry-lemoine.com\/fr\/partitions-pour-ensemble\/13037-phong-vu.html\" target=\"_blank\" rel=\"noreferrer noopener\">partition<\/a>&nbsp;<\/p>\n\n\n\n<p class=\"wp-elements-59edc3b676856147ce0d8cc3d4e48181 has-link-color\">54 &#8211; <strong>The Endless murmuring I <\/strong>(1991) 7\u2019&nbsp;<br>pour violoncelle et harpe&nbsp;<br>Cr\u00e9ation : Festival de Gargilesse, 1993, par Marc-Didier Thirault et Corinne le Du \u00c9ditions Jobert&nbsp;<br><a rel=\"noreferrer noopener\" href=\"https:\/\/youtu.be\/9h7rb7qhRDc\" data-type=\"URL\" data-id=\"https:\/\/youtu.be\/9h7rb7qhRDc\" target=\"_blank\">enregistrement<\/a>    <a rel=\"noreferrer noopener\" href=\"https:\/\/www.henry-lemoine.com\/fr\/partitions-pour-ensemble\/13044-the-endless-murmuring-i.html\" data-type=\"URL\" data-id=\"https:\/\/www.henry-lemoine.com\/fr\/partitions-pour-ensemble\/13044-the-endless-murmuring-i.html\" target=\"_blank\">partition<\/a>   <a rel=\"noreferrer noopener\" href=\"https:\/\/laurencebancaud.com\/wp-content\/uploads\/2023\/02\/ang.-livret-CD-Trio-Salzedo.pdf\" data-type=\"URL\" data-id=\"https:\/\/laurencebancaud.com\/wp-content\/uploads\/2023\/01\/Livret-du-CD-Trio-SalzedoTTT.docx.pdf\" target=\"_blank\">livret CD<\/a>   <a href=\"https:\/\/laurencebancaud.com\/en\/ton-that-tiet\/references\/\" data-type=\"URL\" data-id=\"https:\/\/laurencebancaud.com\/ton-that-tiet\/references\/\" target=\"_blank\" rel=\"noreferrer noopener\">voir discographie<\/a><\/p>\n\n\n\n<p class=\"wp-elements-32f2c71824f828357a843c28370f53d3 has-link-color\">55 &#8211; <strong>Moments rituels II <\/strong>(1992) 12\u2019&nbsp;<br>pour ensemble de saxophones (12)&nbsp;<br>Cr\u00e9ation : Festival Mondial de saxophone, Pesaro, 1992&nbsp;<br>par l&rsquo;ensemble de saxophones de Lyon&nbsp;<br>\u00c9ditions Jobert<br><a rel=\"noreferrer noopener\" href=\"https:\/\/youtu.be\/YzxwuZTRMD0\" data-type=\"URL\" data-id=\"https:\/\/youtu.be\/YzxwuZTRMD0\" target=\"_blank\">vid\u00e9o<\/a>&nbsp;  <a rel=\"noreferrer noopener\" href=\"https:\/\/www.henry-lemoine.com\/fr\/partitions-pour-ensemble\/13050-moments-rituels-ii.html\" data-type=\"URL\" data-id=\"https:\/\/www.henry-lemoine.com\/fr\/partitions-pour-ensemble\/13050-moments-rituels-ii.html\" target=\"_blank\">partition<\/a>   <a href=\"https:\/\/www.henry-lemoine.com\/fr\/partitions-pour-ensemble\/14310-moments-rituels-ii.html\" data-type=\"URL\" data-id=\"https:\/\/www.henry-lemoine.com\/fr\/partitions-pour-ensemble\/14310-moments-rituels-ii.html\" target=\"_blank\" rel=\"noreferrer noopener\">partition<\/a><\/p>\n\n\n\n<p class=\"wp-elements-8586de80674f57f85ed811c7f0b463b1 has-link-color\">56 &#8211; <strong>Thuy, lam&#8230;vo <\/strong>(1992) 17\u2019&nbsp;<br>pour fl\u00fbte et harpe&nbsp;<br>Cr\u00e9ation : Londres, 1993, par J. Hall et Hugh Webb&nbsp;<br>\u00c9ditions Billaudot<br><a rel=\"noreferrer noopener\" href=\"https:\/\/youtu.be\/b64FA_FdOxk\" data-type=\"URL\" data-id=\"https:\/\/youtu.be\/b64FA_FdOxk\" target=\"_blank\">enregistrement&nbsp;<\/a>   <a href=\"https:\/\/www.billaudot.com\/thuy-lam...-vo-5.html\" data-type=\"URL\" data-id=\"https:\/\/www.billaudot.com\/thuy-lam...-vo-5.html\" target=\"_blank\" rel=\"noreferrer noopener\">partition<\/a>   <a rel=\"noreferrer noopener\" href=\"https:\/\/laurencebancaud.com\/wp-content\/uploads\/2023\/02\/ang.-livret-CD-Trio-Salzedo.pdf\" data-type=\"URL\" data-id=\"https:\/\/laurencebancaud.com\/wp-content\/uploads\/2023\/01\/Livret-du-CD-Trio-SalzedoTTT.docx.pdf\" target=\"_blank\">livret CD<\/a>   <a rel=\"noreferrer noopener\" href=\"https:\/\/laurencebancaud.com\/en\/ton-that-tiet\/references\/\" data-type=\"URL\" data-id=\"https:\/\/laurencebancaud.com\/ton-that-tiet\/references\/\" target=\"_blank\">voir discographie<\/a><\/p>\n\n\n\n<p class=\"wp-elements-2f1c142221244c000ed06ce3c285ba52 has-link-color\">57 &#8211; <strong>L\u2019Odeur de la papaye verte <\/strong>(1992)&nbsp;<br>Musique du film de Tran Anh Hung&nbsp;<br>en d\u00e9p\u00f4t chez les \u00c9ditions Jobert&nbsp;&nbsp;<br><a rel=\"noreferrer noopener\" href=\"https:\/\/www.youtube.com\/playlist?list=OLAK5uy_mUYMJJNPLxzo7Urq1Qdzv9uYtq3fReLLc\" data-type=\"URL\" data-id=\"https:\/\/www.youtube.com\/playlist?list=OLAK5uy_mUYMJJNPLxzo7Urq1Qdzv9uYtq3fReLLc\" target=\"_blank\">enregistrement<\/a>   <a rel=\"noreferrer noopener\" href=\"https:\/\/www.henry-lemoine.com\/fr\/partitions-pour-ensemble\/13701-l-odeur-de-la-papaye-verte.html\" data-type=\"URL\" data-id=\"https:\/\/www.henry-lemoine.com\/fr\/partitions-pour-ensemble\/13701-l-odeur-de-la-papaye-verte.html\" target=\"_blank\">partition<\/a>   voir discographie<\/p>\n\n\n\n<p class=\"wp-elements-9057a501d63012241e661341d37277dd has-link-color\">58 &#8211; <strong>Xuan vu <\/strong>(1993) 8\u201920&nbsp;<br>pour violoncelle et piano&nbsp;<br>cr\u00e9ation : Conservatoire National de R\u00e9gion d\u2019Orl\u00e9ans, 2002&nbsp;<br>\u00c9ditions Jobert<br><a href=\"https:\/\/www.henry-lemoine.com\/fr\/partitions-par-instrument\/13040-xuan-vu.html\" data-type=\"URL\" data-id=\"https:\/\/www.henry-lemoine.com\/fr\/partitions-par-instrument\/13040-xuan-vu.html\" target=\"_blank\" rel=\"noreferrer noopener\">partition<\/a><\/p>\n\n\n\n<p class=\"wp-elements-20d326fff7ec38ebe2cf2e6d2f7534fb has-link-color\">59 &#8211; <strong>Chu ky VI <\/strong>(1993) 14\u2019&nbsp;<br>pour 12 voix mixtes&nbsp;<br>Cr\u00e9ation : Radio France, 1994, par le Groupe Vocal de Radio France direction : Guy Reibel&nbsp;<br>Commande de Radio France&nbsp;<br>\u00c9ditions Jobert&nbsp;<br><a href=\"https:\/\/www.henry-lemoine.com\/fr\/partitions-chant-et-chorales\/13046-chu-ky-vi.html\" data-type=\"URL\" data-id=\"https:\/\/www.henry-lemoine.com\/fr\/partitions-chant-et-chorales\/13046-chu-ky-vi.html\" target=\"_blank\" rel=\"noreferrer noopener\">partition<\/a><\/p>\n\n\n\n<p class=\"wp-elements-68ab5789225a0446f8fc825a03bd641c has-link-color\">60 &#8211; <strong>The Endless murmuring II <\/strong>(1993) 7\u2019&nbsp;<br>pour basson et harpe&nbsp;<br>Cr\u00e9ation : Festival Akiyoshidai, par Patrick Gallois&nbsp;<br>\u00c9ditions Jobert<br><a rel=\"noreferrer noopener\" href=\"https:\/\/youtu.be\/mclVitcpv8E\" data-type=\"URL\" data-id=\"https:\/\/youtu.be\/mclVitcpv8E\" target=\"_blank\">vid\u00e9o<\/a>&nbsp;   <a href=\"https:\/\/www.henry-lemoine.com\/fr\/partitions-pour-ensemble\/13060-the-endless-murmuring-ii.html\" data-type=\"URL\" data-id=\"https:\/\/www.henry-lemoine.com\/fr\/partitions-pour-ensemble\/13060-the-endless-murmuring-ii.html\" target=\"_blank\" rel=\"noreferrer noopener\">partition<\/a><\/p>\n\n\n\n<p class=\"wp-elements-6c919c37464744b7589eb11f436ba2fd has-link-color\">61 &#8211; <strong>Trois Estampes <\/strong>(1993) 7\u201930&nbsp;<br>pour fl\u00fbtes, timbales et vibraphone&nbsp;<br>Cr\u00e9ation : Radio France, 1994, par le Trio d&rsquo;Argent&nbsp;<br>\u00c9ditions Jobert<br><a rel=\"noreferrer noopener\" href=\"https:\/\/youtu.be\/WAcGANNw9aU\" data-type=\"URL\" data-id=\"https:\/\/youtu.be\/WAcGANNw9aU\" target=\"_blank\">enregistrement (extrait)<\/a> <a rel=\"noreferrer noopener\" href=\"https:\/\/www.henry-lemoine.com\/fr\/partitions-pour-ensemble\/13054-estampes-3.html\" data-type=\"URL\" data-id=\"https:\/\/www.henry-lemoine.com\/fr\/partitions-pour-ensemble\/13054-estampes-3.html\" target=\"_blank\">partition&nbsp;<\/a>   <a href=\"https:\/\/laurencebancaud.com\/en\/ton-that-tiet\/references\/\" data-type=\"URL\" data-id=\"https:\/\/laurencebancaud.com\/ton-that-tiet\/references\/\" target=\"_blank\" rel=\"noreferrer noopener\">voir discographie<\/a><\/p>\n\n\n\n<p class=\"wp-elements-4bcd60467f644586c4fb54924fc3afb0 has-link-color\">62 &#8211; <strong>Dialogue avec la nature <\/strong>(1993\/94) 20\u2019&nbsp;<br>pour 2 guitares et orchestre (2222\/2110\/perc 1, ha, cordes)&nbsp;<br>Cr\u00e9ation : Caen, 1995, par le duo Horreaux-Tr\u00e9hard et l&rsquo;orchestre de Caen&nbsp; direction : Olivier Cuendot&nbsp;&nbsp;<br>Commande du Minist\u00e8re de la Culture&nbsp;<br>\u00c9ditions Billaudot<br><a href=\"https:\/\/www.billaudot.com\/dialogue-avec-la-nature-2-guitares-et-orchestre-3.html\" data-type=\"URL\" data-id=\"https:\/\/www.billaudot.com\/dialogue-avec-la-nature-2-guitares-et-orchestre-3.html\" target=\"_blank\" rel=\"noreferrer noopener\">partition<\/a>&nbsp;  <a rel=\"noreferrer noopener\" href=\"https:\/\/laurencebancaud.com\/wp-content\/uploads\/2023\/02\/ang.-livret-CD-Dialogue.pdf\" data-type=\"URL\" data-id=\"https:\/\/laurencebancaud.com\/wp-content\/uploads\/2023\/01\/Livret-CD-Dialogue-avec-la-nature.pdf\" target=\"_blank\">livret CD<\/a>   <a rel=\"noreferrer noopener\" href=\"https:\/\/laurencebancaud.com\/en\/ton-that-tiet\/references\/\" data-type=\"URL\" data-id=\"https:\/\/laurencebancaud.com\/ton-that-tiet\/references\/\" target=\"_blank\">voir discographie<\/a><\/p>\n\n\n\n<p class=\"wp-elements-7d06cd332f7986134fc216576b41057c has-link-color\">63 &#8211; <strong>Thu phong <\/strong>(1994) 10\u2019&nbsp;<br>pour violon et piano&nbsp;<br>Cr\u00e9ation : Paris, 1995, par Ad\u00e8le Auriol et Bernard Fauchet&nbsp;<br>\u00c9ditions Jobert<br><a href=\"https:\/\/www.henry-lemoine.com\/fr\/partitions-par-instrument\/13051-thu-phong.html\" data-type=\"URL\" data-id=\"https:\/\/www.henry-lemoine.com\/fr\/partitions-par-instrument\/13051-thu-phong.html\" target=\"_blank\" rel=\"noreferrer noopener\">partition<\/a>&nbsp;<\/p>\n\n\n\n<p class=\"wp-elements-8b5c7720191cde83c162f2ff35f6226f has-link-color\">64 &#8211; <strong>Cyclo <\/strong>(1995)&nbsp;<br>Musique du film de Tran Anh Hung&nbsp;<br>en d\u00e9p\u00f4t chez les \u00c9ditions Jobert&nbsp;  <br><a href=\"https:\/\/laurencebancaud.com\/en\/ton-that-tiet\/references\/\" data-type=\"URL\" data-id=\"https:\/\/laurencebancaud.com\/ton-that-tiet\/references\/\" target=\"_blank\" rel=\"noreferrer noopener\">voir discographie<\/a><\/p>\n\n\n\n<p class=\"wp-elements-737d7ddc725705567d4b474ea717258d has-link-color\">65 &#8211; <strong>The Endless murmuring III <\/strong>(1995) 10\u2019&nbsp;<br>pour alto, basson et harpe&nbsp;<br>\u00c9ditions Jobert<br><a href=\"https:\/\/www.henry-lemoine.com\/fr\/partitions-pour-ensemble\/13062-the-endless-murmuring-iii.html\" data-type=\"URL\" data-id=\"https:\/\/www.henry-lemoine.com\/fr\/partitions-pour-ensemble\/13062-the-endless-murmuring-iii.html\">partition&nbsp;<\/a><\/p>\n\n\n\n<p class=\"wp-elements-af0014b83ce5272f671f65da95b59980 has-link-color\">66 &#8211; <strong>Suite chor\u00e9graphique <\/strong>(1995) 26\u201930&nbsp;<br>pour ensemble instrumental (fl, cl, 1 perc, pn\/synth\u00e9, alto, vcl)&nbsp;<br>Cr\u00e9ation : Centre Pompidou, 1996, par l&rsquo;Ensemble Intercontemporain&nbsp;<br>\u00c9ditions Jobert<br><a href=\"https:\/\/www.henry-lemoine.com\/fr\/partitions-pour-ensemble\/13064-suite-choregraphique.html\" data-type=\"URL\" data-id=\"https:\/\/www.henry-lemoine.com\/fr\/partitions-pour-ensemble\/13064-suite-choregraphique.html\" target=\"_blank\" rel=\"noreferrer noopener\">partition<\/a>&nbsp;<\/p>\n\n\n\n<p class=\"wp-elements-4440460205accfa4265dde12b667456e has-link-color\">67 &#8211; <strong>Lang dzu <\/strong>(1996) 21\u2019&nbsp;<br>pour clarinette, alto et violoncelle&nbsp;<br>\u00c9ditions Jobert\/Lemoine<br><a href=\"https:\/\/www.henry-lemoine.com\/fr\/partitions-pour-ensemble\/13616-lang-dzu.html\" data-type=\"URL\" data-id=\"https:\/\/www.henry-lemoine.com\/fr\/partitions-pour-ensemble\/13616-lang-dzu.html\" target=\"_blank\" rel=\"noreferrer noopener\">partition<\/a><\/p>\n\n\n\n<p class=\"wp-elements-879ed532561a5927b3be36c0f2c56cab has-link-color\">68 &#8211; <strong>L\u00e9gendes des terres du sud <\/strong>(1996) 39\u2019&nbsp;<br>pour soprano-r\u00e9citante et orchestre (2222\/2220, perc 3, cordes)&nbsp;<br>sur deux l\u00e9gendes vietnamiennes traduites par Tam-Quy :&nbsp;&nbsp;<br><em>Les Rois Hung <\/em>et <em>Le Ver \u00e0 Soie<\/em><br>Cr\u00e9ation : 1996, par Sylvaine Daven\u00e9 et l&rsquo;Orchestre National d&rsquo;Ile de France direction : Vincent Barthe&nbsp;<br>Commande de l&rsquo;O.N.I.F.&nbsp;<br>\u00c9ditions Jobert<br><a rel=\"noreferrer noopener\" href=\"https:\/\/www.henry-lemoine.com\/fr\/partitions-chant-et-chorales\/13057-legendes-des-terres-du-sud.html\" data-type=\"URL\" data-id=\"https:\/\/www.henry-lemoine.com\/fr\/partitions-chant-et-chorales\/13057-legendes-des-terres-du-sud.html\" target=\"_blank\">partition<\/a>&nbsp;<a href=\"https:\/\/laurencebancaud.com\/en\/ton-that-tiet\/references\/\" data-type=\"URL\" data-id=\"https:\/\/laurencebancaud.com\/ton-that-tiet\/references\/\" target=\"_blank\" rel=\"noreferrer noopener\">voir discographie<\/a><\/p>\n\n\n\n<p class=\"wp-elements-a2e027ac84057d629186814becefcc6d has-link-color\">69 &#8211; <strong>Paroles du Feu <\/strong>(1996) 1h15\u2019&nbsp;<br>ballet en trois parties (1 fl, 1 perc, synth\u00e9tiseur, 1 vn, 1 alto, 1 vcl)&nbsp;<br>Cr\u00e9ation : La Rochelle, 1997, par le Ballet Atlantique &#8211; R\u00e9gine Chopinot&nbsp;<br>\u00c9ditions Jobert<br><a href=\"https:\/\/www.henry-lemoine.com\/fr\/partitions-pour-ensemble\/13423-paroles-du-feu.html\" data-type=\"URL\" data-id=\"https:\/\/www.henry-lemoine.com\/fr\/partitions-pour-ensemble\/13423-paroles-du-feu.html\" target=\"_blank\" rel=\"noreferrer noopener\">partition<\/a>&nbsp;<\/p>\n\n\n\n<p class=\"wp-elements-5d2e8882d42216002470defa4c2bb246 has-link-color\">70 &#8211; <strong>Contemplation <\/strong>(1994\/97) 18\u2019&nbsp;<br>pour alto et orchestre (2222\/2110\/Perc 2, Ha, cordes)&nbsp;<br>Cr\u00e9ation : 2008, Radio France, par Bruno Pasquier, alto, et l\u2019orchestre symphonique&nbsp; du CNR de Paris&nbsp;<br>direction : Pierre-Michel Durand&nbsp;<br>\u00c9ditions Billaudot<br><a href=\"https:\/\/www.billaudot.com\/contemplation-9.html\" data-type=\"URL\" data-id=\"https:\/\/www.billaudot.com\/contemplation-9.html\" target=\"_blank\" rel=\"noreferrer noopener\">partition&nbsp;<\/a><\/p>\n\n\n\n<p class=\"wp-elements-ae3957895344f89d873c8c67b7096200 has-link-color\">71 &#8211; <strong>Images furtives <\/strong>(1997) 12\u2019&nbsp;<br>pour piano&nbsp;<br>\u00c9ditions Lemoine<br><a href=\"https:\/\/soundcloud.com\/julienguyenpianist\/ton-that-tiet-images-furtives?fbclid=IwAR0n7Bkcr9juqDjiGpEY4gU9OMO1X1ZofUfSn28MhzIt2PJfx98mW95Dt68\" data-type=\"URL\" data-id=\"https:\/\/soundcloud.com\/julienguyenpianist\/ton-that-tiet-images-furtives?fbclid=IwAR0n7Bkcr9juqDjiGpEY4gU9OMO1X1ZofUfSn28MhzIt2PJfx98mW95Dt68\" target=\"_blank\" rel=\"noreferrer noopener\">pi\u00e8ces 1 et 2<\/a>    <a rel=\"noreferrer noopener\" href=\"https:\/\/youtu.be\/NIoXyA1BkwA\" data-type=\"URL\" data-id=\"https:\/\/youtu.be\/NIoXyA1BkwA\" target=\"_blank\">vid\u00e9o \u00e0 45:38 &#8211; pi\u00e8ces 3 et 4&nbsp;<\/a>    <a rel=\"noreferrer noopener\" href=\"https:\/\/www.henry-lemoine.com\/fr\/partitions-piano\/3167-images-furtives.html\" data-type=\"URL\" data-id=\"https:\/\/www.henry-lemoine.com\/fr\/partitions-piano\/3167-images-furtives.html\" target=\"_blank\">partition<\/a><\/p>\n\n\n\n<p class=\"wp-elements-519bce818a4c8898a519debce3b11501 has-link-color\">73 &#8211; <strong>M\u00e9moire de la rivi\u00e8re <\/strong>(1998) 17\u201930&nbsp;<br>pour quatuor \u00e0 cordes&nbsp;<br>sur un po\u00e8me de T\u00f4n-Th\u00e2t Ti\u00eat&nbsp;<br>Cr\u00e9ation : 1999, Festival danse de Montpellier, par le Rosamunde Quartet <br>\u00c9ditions Jobert<br><a href=\"https:\/\/www.henry-lemoine.com\/fr\/partitions-pour-ensemble\/13703-memoire-de-la-riviere.html\" data-type=\"URL\" data-id=\"https:\/\/www.henry-lemoine.com\/fr\/partitions-pour-ensemble\/13703-memoire-de-la-riviere.html\" target=\"_blank\" rel=\"noreferrer noopener\">partition&nbsp;<\/a><\/p>\n\n\n\n<p>74 &#8211; <strong>Cycles du temps <\/strong>(1998-1999) 27\u201930 (version courte 19\u2019)&nbsp;<br>pour six percussions&nbsp;<br>Cr\u00e9ation : 1999, Radio France, par les Percussions de Strasbourg&nbsp;<br>in\u00e9dit&nbsp;<\/p>\n\n\n\n<p class=\"wp-elements-36e0fe68b5becf93e572242baa44eb61 has-link-color\">75 &#8211; <strong>Et la Rivi\u00e8re chante l\u2019\u00e9ternit\u00e9 <\/strong>(1999-2000) 14\u201930&nbsp;<br>pour trio \u00e0 cordes&nbsp;<br>sur un po\u00e8me de T\u00f4n-Th\u00e2t Ti\u00eat&nbsp;<br>Cr\u00e9ation : 2001, Radio France, par le Trio \u00e0 cordes de Paris&nbsp;<br>\u00c9ditions Jobert<br><a rel=\"noreferrer noopener\" href=\"https:\/\/youtu.be\/kW0KiplETFk\" data-type=\"URL\" data-id=\"https:\/\/youtu.be\/kW0KiplETFk\" target=\"_blank\">enregistrement<\/a> <a rel=\"noreferrer noopener\" href=\"https:\/\/www.henry-lemoine.com\/fr\/partitions-pour-ensemble\/13179-et-la-riviere-chante-l-eternite.html\" data-type=\"URL\" data-id=\"https:\/\/www.henry-lemoine.com\/fr\/partitions-pour-ensemble\/13179-et-la-riviere-chante-l-eternite.html\" target=\"_blank\">partition<\/a>   <a rel=\"noreferrer noopener\" href=\"https:\/\/www.henry-lemoine.com\/fr\/partitions-pour-ensemble\/14249-et-la-riviere-chante-l-eternite.html?ref=JJ73208\" data-type=\"URL\" data-id=\"https:\/\/www.henry-lemoine.com\/fr\/partitions-pour-ensemble\/14249-et-la-riviere-chante-l-eternite.html?ref=JJ73208\" target=\"_blank\">partition<\/a>&nbsp; <a href=\"https:\/\/laurencebancaud.com\/en\/ton-that-tiet\/references\/\" data-type=\"URL\" data-id=\"https:\/\/laurencebancaud.com\/ton-that-tiet\/references\/\" target=\"_blank\" rel=\"noreferrer noopener\">voir discographie<\/a><\/p>\n\n\n\n<p>76 &#8211; <strong>Temps oubli\u00e9 <\/strong>(1999) 18\u201930&nbsp;<br>pour ensemble vocal (24 voix) et synth\u00e9tiseur&nbsp;<br>texte extrait du <em>V\u00e9da&nbsp;<\/em><br>Cr\u00e9ation : 1999, Festival danse de Montpellier, ch\u0153ur de Radio France&nbsp;<br>direction : Guy Reibel&nbsp;<br>\u00c9ditions Jobert&nbsp;<\/p>\n\n\n\n<p>77 &#8211; <strong>La Danse du temps <\/strong>(1999) 1h10\u2019<br>Musique de ballet pour trio \u00e0 cordes, percussions, ch\u0153urs et bande&nbsp;<br>Cr\u00e9ation : 1999, La Rochelle, par le Ballet Atlantique \u2013 R\u00e9gine Chopinot Commande du Minist\u00e8re de la Culture&nbsp;<br>In\u00e9dit&nbsp;<\/p>\n\n\n\n<p class=\"wp-elements-f7791717bc9faf96fcf4784773a17eb8 has-link-color\">78 &#8211; <strong>La Petite Souris <\/strong>(1999) 3\u201915&nbsp;<br>pour harpe&nbsp;<br>\u00c9ditions Jobert&nbsp;<br><a rel=\"noreferrer noopener\" href=\"https:\/\/www.linstrumentarium.fr\/harpes\/harpe-seule\/1512-ton-that-tiet-la-petite-souris.html\" data-type=\"URL\" data-id=\"https:\/\/www.linstrumentarium.fr\/harpes\/harpe-seule\/1512-ton-that-tiet-la-petite-souris.html\" target=\"_blank\">partition<\/a>  <a href=\"https:\/\/laurencebancaud.com\/en\/ton-that-tiet\/references\/\" data-type=\"URL\" data-id=\"https:\/\/laurencebancaud.com\/ton-that-tiet\/references\/\" target=\"_blank\" rel=\"noreferrer noopener\">voir discographie \u00ab\u00a0A la Verticale de l&rsquo;\u00e9t\u00e9\u00a0\u00bb<\/a><\/p>\n\n\n\n<p class=\"wp-elements-e65303954003b18359ade9f41934fac1 has-link-color\">79 &#8211; <strong>\u00c0 la Verticale de l\u2019\u00e9t\u00e9 <\/strong>(1999)&nbsp;<br>Musique du film de Tran Anh Hung&nbsp;<br>en d\u00e9p\u00f4t chez les \u00c9ditions Jobert&nbsp;<br><a href=\"https:\/\/laurencebancaud.com\/en\/ton-that-tiet\/references\/\" data-type=\"URL\" data-id=\"https:\/\/laurencebancaud.com\/ton-that-tiet\/references\/\" target=\"_blank\" rel=\"noreferrer noopener\">voir discographie<\/a><\/p>\n\n\n\n<p class=\"wp-elements-b62a33b47da0778c0bf1c27a47c499b4 has-link-color\">80 &#8211; <strong>Vent de printemps <\/strong>(2001) 15\u2019&nbsp;<br>pour ensemble instrumental (0111\/1210, tb basse, perc. 2)&nbsp;<br>\u00c9ditions Jobert<br><a href=\"https:\/\/www.henry-lemoine.com\/fr\/partitions-pour-ensemble\/13420-vent-de-printemps.html\" data-type=\"URL\" data-id=\"https:\/\/www.henry-lemoine.com\/fr\/partitions-pour-ensemble\/13420-vent-de-printemps.html\" target=\"_blank\" rel=\"noreferrer noopener\">partition&nbsp;<\/a><\/p>\n\n\n\n<p class=\"wp-elements-45add74b0cf4e8dc4208d3902fb54db2 has-link-color\">81 &#8211; <strong>Images du temps <\/strong>(2001) 18\u201930&nbsp;<br>pour harpe et orchestre d\u2019harmonie&nbsp;<br>Cr\u00e9ation : Beaugency, 2002, par Ga\u00eblle Thouvenin, Ghislaine Petit-Volta et&nbsp; l\u2019Orchestre d\u2019Harmonie de la R\u00e9gion du Centre, direction : Philippe Ferro <br>Commande de la R\u00e9gion Centre&nbsp;<br>\u00c9ditions Jobert<br><a rel=\"noreferrer noopener\" href=\"https:\/\/www.henry-lemoine.com\/fr\/partitions-pour-ensemble\/13319-images-du-temps.html\" data-type=\"URL\" data-id=\"https:\/\/www.henry-lemoine.com\/fr\/partitions-pour-ensemble\/13319-images-du-temps.html\" target=\"_blank\">partition<\/a>&nbsp; <a href=\"https:\/\/laurencebancaud.com\/en\/ton-that-tiet\/references\/\" data-type=\"URL\" data-id=\"https:\/\/laurencebancaud.com\/ton-that-tiet\/references\/\" target=\"_blank\" rel=\"noreferrer noopener\"> voir discographie<\/a><\/p>\n\n\n\n<p class=\"wp-elements-6bd8ab27dd6971829f5c073147d5fd99 has-link-color\">82 &#8211; <strong>Les Sourires de Bouddha <\/strong>(2001) 17\u2019&nbsp;<br>pour ch\u0153ur de chambre&nbsp;<br>d\u2019apr\u00e8s des po\u00e8mes de Wang Wei et Qi Ji&nbsp;<br>Cr\u00e9ation : Tarbes, 2001, par le ch\u0153ur de chambre \u00ab Les \u00c9l\u00e9ments \u00bb&nbsp;<br>direction : Jo\u00ebl Suhubiette&nbsp;<br>Commande de la R\u00e9gion Midi-Pyr\u00e9n\u00e9es&nbsp;<br>\u00c9ditions Jobert&nbsp;<br><a rel=\"noreferrer noopener\" href=\"https:\/\/youtu.be\/ibAKtxFqbuw\" data-type=\"URL\" data-id=\"https:\/\/youtu.be\/ibAKtxFqbuw\" target=\"_blank\">enregistrement<\/a>  <a rel=\"noreferrer noopener\" href=\"https:\/\/www.henry-lemoine.com\/fr\/partitions-chant-et-chorales\/13216-les-sourires-de-bouddha.html\" data-type=\"URL\" data-id=\"https:\/\/www.henry-lemoine.com\/fr\/partitions-chant-et-chorales\/13216-les-sourires-de-bouddha.html\" target=\"_blank\">partition<\/a>  voir discographie<\/p>\n\n\n\n<p class=\"wp-elements-48300bed5c3214638bb18c83defebf6b has-link-color\">83 &#8211; <strong>Jeu des Cinq \u00c9l\u00e9ments V <\/strong>(2003) 8\u2019&nbsp;<br>pour violon, violoncelle, fl\u00fbte, clarinette et guitare&nbsp;<br>Cr\u00e9ation : Conservatoire National de R\u00e9gion de Nantes, 2003, par l\u2019ensemble&nbsp; \u00ab Berlingot Musique d\u2019Aujourd\u2019hui \u00bb&nbsp;<br>\u00c9ditions Jobert<br><a href=\"https:\/\/www.henry-lemoine.com\/fr\/partitions-pour-ensemble\/13511-jeu-des-5-elements-v.html\" data-type=\"URL\" data-id=\"https:\/\/www.henry-lemoine.com\/fr\/partitions-pour-ensemble\/13511-jeu-des-5-elements-v.html\" target=\"_blank\" rel=\"noreferrer noopener\">partition&nbsp;<\/a><\/p>\n\n\n\n<p class=\"wp-elements-9e261631eb36994e6bd2e37e7ad21058 has-link-color\">84 &#8211; <strong>Chants d\u2019ivresse <\/strong>(2003-2004) 22\u201930&nbsp;<br>pour mezzo-soprano, fl\u00fbte, orchestre \u00e0 cordes et ensemble <em>Ca tr\u00f9 <\/em>(musique&nbsp; traditionnelle vietnamienne)&nbsp;<br>sur des po\u00e8mes de Li Po&nbsp;<br>Cr\u00e9ation : Conservatoire \u00e0 Rayonnement R\u00e9gional de Paris, le 14\/11\/2011, par&nbsp; l\u2019Orchestre du Conservatoire, l\u2019Ensemble Ca tr\u00f9 Thai H\u00e0, Ghislaine Petit-Volta,&nbsp; direction : Pierre-Michel Durand&nbsp;<br>Commande du Minist\u00e8re de la Culture&nbsp;<br>\u00c9ditions Jobert<br><a href=\"https:\/\/www.henry-lemoine.com\/fr\/partitions-chant-et-chorales\/13614-chants-d-ivresse.html\" data-type=\"URL\" data-id=\"https:\/\/www.henry-lemoine.com\/fr\/partitions-chant-et-chorales\/13614-chants-d-ivresse.html\" target=\"_blank\" rel=\"noreferrer noopener\">partition<\/a>&nbsp;<\/p>\n\n\n\n<p class=\"wp-elements-a93b617d70d1787294aa56b79225e2a5 has-link-color\">85 &#8211; <strong>V\u00f4 d\u00ea I <\/strong>(2003) 3\u2019&nbsp;<br>pour clavecin<br>\u00c9ditions Lemoine<br>&nbsp;<a href=\"https:\/\/www.henry-lemoine.com\/fr\/partitions-par-instrument\/5026-clavecin-20-21.html\" target=\"_blank\" aria-label=\" (opens in a new tab)\" rel=\"noreferrer noopener\" class=\"ek-link\">partition<\/a><\/p>\n\n\n\n<p class=\"wp-elements-09f7e9d5d86dc8096acb98d475a691c8 has-link-color\">86 &#8211; <strong>V\u00f4 d\u00ea II <\/strong>(2003) 2\u201915&nbsp;<br>pour deux pianos&nbsp;<br>in\u00e9dit (n\u2019est plus disponible, enlev\u00e9 du catalogue)<br><a href=\"https:\/\/youtu.be\/NIoXyA1BkwA\" data-type=\"URL\" data-id=\"https:\/\/youtu.be\/NIoXyA1BkwA\" target=\"_blank\" rel=\"noreferrer noopener\">vid\u00e9o \u00e0 49:08&nbsp;<\/a><\/p>\n\n\n\n<p class=\"wp-elements-bf2c67fcf37285c2e3ff3dc73664fbd6 has-link-color\">87 &#8211; <strong>V\u00f4 d\u00ea III <\/strong>(2004) 6\u201930&nbsp;<br>pour saxophone&nbsp;<br>Commande du Conservatoire National Sup\u00e9rieur de Musique de Paris&nbsp;<br>Editions Jobert\/Lemoine<br><a rel=\"noreferrer noopener\" href=\"https:\/\/youtu.be\/zO0K9d1XfpM\" data-type=\"URL\" data-id=\"https:\/\/youtu.be\/zO0K9d1XfpM\" target=\"_blank\">vid\u00e9o \u00e0 17:28&nbsp;<\/a>   <a href=\"https:\/\/www.henry-lemoine.com\/fr\/partitions-par-instrument\/14076-vo-de-iii.html\" data-type=\"URL\" data-id=\"https:\/\/www.henry-lemoine.com\/fr\/partitions-par-instrument\/14076-vo-de-iii.html\" target=\"_blank\" rel=\"noreferrer noopener\">partition<\/a><\/p>\n\n\n\n<p class=\"wp-elements-e2d9b4231272aa3017d2399cd76b7eeb has-link-color\">88 &#8211; <strong>Kou-M <\/strong>(6 petites pi\u00e8ces enfantines) (2004)&nbsp;<br>pour violon et piano&nbsp;<br>Cr\u00e9ation : Conservatoire National de R\u00e9gion de Marseille, 2005&nbsp;<br>\u00c9ditions Jobert<br><a href=\"https:\/\/www.henry-lemoine.com\/fr\/partitions-par-instrument\/13615-kou-m-petites-histoires-d-enfants.html\" data-type=\"URL\" data-id=\"https:\/\/www.henry-lemoine.com\/fr\/partitions-par-instrument\/13615-kou-m-petites-histoires-d-enfants.html\" target=\"_blank\" rel=\"noreferrer noopener\">partition&nbsp;<\/a><\/p>\n\n\n\n<p class=\"wp-elements-e3a61d4645831bf8ebf4fdcf37280c70 has-link-color\">89 &#8211; <strong>Po\u00e8mes <\/strong>(2004) 13\u201945&nbsp;<br>pour fl\u00fbte, alto, harpe et ensemble <em>Ca tr\u00f9 <\/em>(musique traditionnelle vietnamienne) sur un po\u00e8me de Li Po&nbsp;<br>Cr\u00e9ation : Paris, 2006, par les solistes de l\u2019Ensemble Intercontemporain&nbsp;<br>\u00c9ditions Jobert<br><a rel=\"noreferrer noopener\" href=\"https:\/\/youtu.be\/ISZjanrHe-s\" data-type=\"URL\" data-id=\"https:\/\/youtu.be\/ISZjanrHe-s\" target=\"_blank\">vid\u00e9o-rencontre<\/a>     <a rel=\"noreferrer noopener\" href=\"https:\/\/youtu.be\/-ZXjngZ8_7I\" data-type=\"URL\" data-id=\"https:\/\/youtu.be\/-ZXjngZ8_7I\" target=\"_blank\">vid\u00e9o<\/a>     <a rel=\"noreferrer noopener\" href=\"https:\/\/www.henry-lemoine.com\/fr\/partitions-pour-ensemble\/13617-poemes.html\" data-type=\"URL\" data-id=\"https:\/\/www.henry-lemoine.com\/fr\/partitions-pour-ensemble\/13617-poemes.html\" target=\"_blank\">partition+fichier audio<\/a>  <a href=\"https:\/\/laurencebancaud.com\/en\/ton-that-tiet\/references\/\" data-type=\"URL\" data-id=\"https:\/\/laurencebancaud.com\/ton-that-tiet\/references\/\" target=\"_blank\" rel=\"noreferrer noopener\">voir discographie<\/a><\/p>\n\n\n\n<p>90 &#8211; <strong>Le Gardien de buffles <\/strong>(2004)&nbsp;<br>Musique du film de Nguy\u00ean-V\u00f4 Nghi\u00eam-Minh&nbsp;<\/p>\n\n\n\n<p class=\"wp-elements-f5cff9e2e7f5d4876538fc3b361e12d1 has-link-color\">91 &#8211; <strong>L\u2019Arbal\u00e8te magique <\/strong>(2004) 53\u2019&nbsp;<br>Op\u00e9ra de chambre sur un livret de Tam-Quy&nbsp;&nbsp;<br>d\u2019apr\u00e8s la l\u00e9gende vietnamienne <em>Mi Ch\u00e2u \u2013 Trong Thuy&nbsp;<\/em><br>pour 9 voix, fl\u00fbte, alto, harpe, percussions et 3 danseurs&nbsp;<br>Commande de l\u2019ensemble Musicatreize et du Minist\u00e8re de la Culture&nbsp;<br>Cr\u00e9ation (de la version sc\u00e9nique) : Festival Automne en Normandie, 2007, par&nbsp; l\u2019ensemble Musicatreize, direction : Roland Hayrab\u00e9dian&nbsp;<br>\u00c9ditions Jobert<br><a rel=\"noreferrer noopener\" href=\"https:\/\/www.henry-lemoine.com\/fr\/partitions-chant-et-chorales\/13623-l-arbalete-magique-conte-musical.html\" data-type=\"URL\" data-id=\"https:\/\/www.henry-lemoine.com\/fr\/partitions-chant-et-chorales\/13623-l-arbalete-magique-conte-musical.html\" target=\"_blank\">partition<\/a><br>\u00c9dit\u00e9 en livre disque chez Actes Sud dans la collection <em>Actes Sud \/ Musicatreize&nbsp;&nbsp;<\/em><br><a href=\"https:\/\/www.musicatreize.org\/disco\/larbalete-magique\/\" data-type=\"URL\" data-id=\"https:\/\/www.musicatreize.org\/disco\/larbalete-magique\/\" target=\"_blank\" rel=\"noreferrer noopener\">livre CD<\/a><\/p>\n\n\n\n<p>92 &#8211; <strong>Holly <\/strong>(2005)&nbsp;<br>Musique du film de Guy Moshe&nbsp;<\/p>\n\n\n\n<p class=\"wp-elements-82a5cd596f3bbba4647ad9828d9c918d has-link-color\">93 &#8211; <strong>Appel<\/strong> (2005) 11\u2019&nbsp;<br>pour soprano et trio \u00e0 cordes&nbsp;<br>sur un texte de T\u00f4n-Th\u00e2t Ti\u00eat&nbsp;<br>Cr\u00e9ation : Paris, Centre de Documentation de la Musique Contemporaine, 2007, par&nbsp; Dima Bawab et le Trio \u00e0 cordes de Paris&nbsp;<br>\u00c9ditions Jobert\/Lemoine<br><a rel=\"noreferrer noopener\" href=\"https:\/\/youtu.be\/zO0K9d1XfpM\" data-type=\"URL\" data-id=\"https:\/\/youtu.be\/zO0K9d1XfpM\" target=\"_blank\">vid\u00e9o \u00e0 46:22<\/a>    <a href=\"https:\/\/www.henry-lemoine.com\/fr\/partitions-chant-et-chorales\/13872-appel.html\" data-type=\"URL\" data-id=\"https:\/\/www.henry-lemoine.com\/fr\/partitions-chant-et-chorales\/13872-appel.html\" target=\"_blank\" rel=\"noreferrer noopener\">partition<\/a><\/p>\n\n\n\n<p>94 &#8211; <strong>La Mer d\u00e9cha\u00een\u00e9e <\/strong>(2005) 5\u2019&nbsp;<br>pour contrebasse solo&nbsp;<br>in\u00e9dit&nbsp;<\/p>\n\n\n\n<p class=\"wp-elements-bb48b6c6292310a68a8f02d11ff6ce6b has-link-color\">95 &#8211; <strong>Du haut de la montagne <\/strong>(2006) 20\u201930<br>pour violoncelle, percussions et orchestre \u00e0 cordes&nbsp;&nbsp;<br>Commande de Radio France&nbsp;<br>Cr\u00e9ation : Hanoi, 2007, par Rohan de Saram (violoncelle), Florent Jodelet&nbsp; (percussions), et l\u2019Orchestre national de Hanoi&nbsp;<br>Direction : Halldis Ronning&nbsp;<br>\u00c9ditions Lemoine (Jobert)&nbsp;<br><a href=\"https:\/\/www.henry-lemoine.com\/fr\/partitions-pour-ensemble\/13678-du-haut-de-la-montagne.html\" data-type=\"URL\" data-id=\"https:\/\/www.henry-lemoine.com\/fr\/partitions-pour-ensemble\/13678-du-haut-de-la-montagne.html\" target=\"_blank\" rel=\"noreferrer noopener\">partition<\/a><\/p>\n\n\n\n<p class=\"wp-elements-481c8cd7f3a0289afeee2918c547bc1c has-link-color\">96 &#8211; <strong>Comme la peinture de Wang We<\/strong>i (2007) 10\u201940&nbsp;<br>pour soprano, violon, clarinette et harpe&nbsp;<br>sur des po\u00e8mes de Wang Wei&nbsp;<br>Cr\u00e9ation : Conservatoire \u00e0 Rayonnement R\u00e9gional de Paris, le 8\/01\/2011, par Alicia&nbsp; Hate, Guillaume Devin, Jean-Marc Volta et Ghislaine Petit-Volta&nbsp;<br>\u00c9ditions Jobert\/Lemoine<br><a href=\"https:\/\/www.henry-lemoine.com\/fr\/partitions-chant-et-chorales\/13956-comme-la-peinture-de-wang-wei.html\" data-type=\"URL\" data-id=\"https:\/\/www.henry-lemoine.com\/fr\/partitions-chant-et-chorales\/13956-comme-la-peinture-de-wang-wei.html\" target=\"_blank\" rel=\"noreferrer noopener\">partition<\/a>&nbsp;<\/p>\n\n\n\n<p class=\"wp-elements-b4cc2d2e177af6f48d8fb097ad4a27e9 has-link-color\">97 \u2013 <strong>Voyage<\/strong> (2008) 6\u2019&nbsp;<br>pour violoncelle&nbsp;<br>Cr\u00e9ation : Heidelberg, 2008, par Rohan de Saram&nbsp;<br>\u00c9ditions Lemoine (Jobert)<br><a href=\"https:\/\/www.henry-lemoine.com\/fr\/partitions-par-instrument\/13744-voyage.html?ref=JJ2009\" data-type=\"URL\" data-id=\"https:\/\/www.henry-lemoine.com\/fr\/partitions-par-instrument\/13744-voyage.html?ref=JJ2009\" target=\"_blank\" rel=\"noreferrer noopener\">partition<\/a>&nbsp;<\/p>\n\n\n\n<p class=\"wp-elements-ee8260a90376c3f2850f830bf93781ba has-link-color\">98 \u2013 <strong>Couleur du son, couleur du silence<\/strong> (2008) 17\u2019&nbsp;<br>pour orchestre avec ensemble vocal facultatif&nbsp;<br>Cr\u00e9ation : Hano\u00ef, 2009, Orchestre National du Vietnam&nbsp;<br>direction : Thomas Rimul&nbsp;<br>\u00c9ditions Jobert\/Lemoine<br><a href=\"https:\/\/www.henry-lemoine.com\/fr\/partitions-pour-ensemble\/13760-couleur-du-son-couleur-du-silence.html\" data-type=\"URL\" data-id=\"https:\/\/www.henry-lemoine.com\/fr\/partitions-pour-ensemble\/13760-couleur-du-son-couleur-du-silence.html\" target=\"_blank\" rel=\"noreferrer noopener\">partition<\/a><\/p>\n\n\n\n<p class=\"wp-elements-f855f67f0e8a230dc3c23511024c7c42 has-link-color\">99 \u2013 <strong>Balade au clair de lune<\/strong> (2009) 17\u2019&nbsp;<br>pour 2 fl\u00fbtes (avec fl\u00fbte basse), 2 harpes et r\u00e9citante&nbsp;<br>sur un po\u00e8me de Han Mac T\u00f9&nbsp;<br>D\u00e9di\u00e9 \u00e0 Laurence Bancaud et H\u00e9l\u00e8ne Breschand&nbsp;<br>Cr\u00e9ation : Rungis, 2010, avec Florence Semichon, Franck&nbsp;<br>Masquelier (fl\u00fbtes), H\u00e9l\u00e8ne Breschand, Laurence Bancaud,&nbsp;<br>(harpes) et Nadine B\u00e9chade (com\u00e9dienne).&nbsp;<br>\u00c9ditions Jobert\/Lemoine<br><a href=\"https:\/\/www.henry-lemoine.com\/fr\/partitions-chant-et-chorales\/13957-ballade-au-clair-de-lune.html\" data-type=\"URL\" data-id=\"https:\/\/www.henry-lemoine.com\/fr\/partitions-chant-et-chorales\/13957-ballade-au-clair-de-lune.html\" target=\"_blank\" rel=\"noreferrer noopener\">partition<\/a><\/p>\n\n\n\n<p class=\"wp-elements-99f8217fd2f5731e9e92cb3af2319297 has-link-color\">100 \u2013 <strong>Sept Pas Lotus <\/strong>(2010) 7\u201935&nbsp;<br>pour fl\u00fbte et harpe (\u00e0 leviers ou \u00e0 p\u00e9dales)&nbsp;<br>Commande de la MPAA (Maison des Pratiques Artistiques Amateurs) pour les&nbsp; conservatoires de la Ville de Paris<br>Cr\u00e9ation : Paris, MPAA, Auditorium St Germain, le 30\/01\/2011&nbsp;<br>\u00c9ditions Billaudot, Collection Anne Ricquebourg<br><a rel=\"noreferrer noopener\" href=\"https:\/\/laurencebancaud.com\/wp-content\/uploads\/2023\/02\/Sept-Pas-Lotus.pdf\" data-type=\"URL\" data-id=\"https:\/\/laurencebancaud.com\/wp-content\/uploads\/2023\/01\/texte-Sept-pas-lotus.docx.pdf\" target=\"_blank\">notice<\/a> <a href=\"https:\/\/www.billaudot.com\/sept-pas-lotus-5.html\" data-type=\"URL\" data-id=\"https:\/\/www.billaudot.com\/sept-pas-lotus-5.html\" target=\"_blank\" rel=\"noreferrer noopener\">partition<\/a><\/p>\n\n\n\n<p class=\"wp-elements-bde0cf2d6b85ec9ed7534fafae6a9a9b has-link-color\">101 \u2013 <strong>O\u00f9 trouver la couleur de la vacuit\u00e9<\/strong> (2010)&nbsp;<br>pour 12 voix mixtes et ensemble&nbsp;<br>Cr\u00e9ation : France, Marseille, 10 novembre 2012 par Musicatreize, dir. Roland&nbsp; Hayrab\u00e9dian&nbsp;<br>\u00c9ditions Jobert\/Lemoine<br><a href=\"https:\/\/www.henry-lemoine.com\/fr\/partitions-chant-et-chorales\/13929-ou-trouver-la-couleur-de-la-vacuite.html\" data-type=\"URL\" data-id=\"https:\/\/www.henry-lemoine.com\/fr\/partitions-chant-et-chorales\/13929-ou-trouver-la-couleur-de-la-vacuite.html\">partition<\/a><\/p>\n\n\n\n<p class=\"wp-elements-61b240bbf8bf6ce68cb9dfbb635840c0 has-link-color\">102 &#8211; <strong>Murmures de Gargilesse <\/strong>(2011)&nbsp;<br>pour deux violoncelles et harpe&nbsp;<br>Commande de Ghislaine Petit-Volta&nbsp;<br>Cr\u00e9ation : Gargilesse, avril 2011, par Caroline Faur\u00e9-Rabot, Millau Faur\u00e9 et&nbsp; Ghislaine Petit-Volta&nbsp;<br>\u00c9ditions Jobert\/Lemoine<br><a href=\"https:\/\/www.henry-lemoine.com\/fr\/partitions-pour-ensemble\/13954-murmures-de-gargilesse.html\" data-type=\"URL\" data-id=\"https:\/\/www.henry-lemoine.com\/fr\/partitions-pour-ensemble\/13954-murmures-de-gargilesse.html\" target=\"_blank\" rel=\"noreferrer noopener\">partition<\/a><\/p>\n\n\n\n<p class=\"wp-elements-052701735ea6b617dfb81c0da3185bce has-link-color\">103 &#8211; <strong>Xuan Thu <\/strong>(<strong>Printemps Automne<\/strong>) (2011) 8\u201945&nbsp;<br>pour harpe&nbsp;<br>Commande de CAMAC pour Isabelle Moretti et Ghislaine Petit-Volta&nbsp;<br>Cr\u00e9ation : Clermont-Ferrand, Festival Musiques D\u00e9mesur\u00e9es, Maison de la&nbsp; Culture, Salle Boris Vian, 13 novembre 2014, par Ghislaine Petit-Volta \u00c9dition Billaudot, collection Anne Ricquebourg&nbsp;<br><a rel=\"noreferrer noopener\" href=\"https:\/\/youtu.be\/6vVZ_dzAylY\" data-type=\"URL\" data-id=\"https:\/\/youtu.be\/6vVZ_dzAylY\" target=\"_blank\">vid\u00e9o<\/a> <a rel=\"noreferrer noopener\" href=\"https:\/\/laurencebancaud.com\/wp-content\/uploads\/2023\/02\/Xuan-Thu.pdf\" data-type=\"URL\" data-id=\"https:\/\/laurencebancaud.com\/wp-content\/uploads\/2023\/01\/texte-Xuan-Thu.docx.pdf\" target=\"_blank\">notice<\/a>   <a rel=\"noreferrer noopener\" href=\"https:\/\/www.billaudot.com\/42347-xuan-thu.-printemps-automne.html\" data-type=\"URL\" data-id=\"https:\/\/www.billaudot.com\/42347-xuan-thu.-printemps-automne.html\" target=\"_blank\">partition<\/a><\/p>\n\n\n\n<p class=\"wp-elements-c726001aa9b21b5e3d5664f684f77d63 has-link-color\">104 &#8211; <strong>Miroir\/M\u00e9moire <\/strong>(2011)&nbsp;<br>Quatuor \u00e0 cordes&nbsp;<br>\u00c9ditions Jobert<br><a href=\"https:\/\/youtu.be\/sQe6XHYJ8ro\" data-type=\"URL\" data-id=\"https:\/\/youtu.be\/sQe6XHYJ8ro\" target=\"_blank\" rel=\"noreferrer noopener\">vid\u00e9o<\/a> <a rel=\"noreferrer noopener\" href=\"https:\/\/www.henry-lemoine.com\/fr\/partitions-pour-ensemble\/13871-miroir-memoire.html\" data-type=\"URL\" data-id=\"https:\/\/www.henry-lemoine.com\/fr\/partitions-pour-ensemble\/13871-miroir-memoire.html\" target=\"_blank\">partition<\/a>&nbsp;<\/p>\n\n\n\n<p class=\"wp-elements-db5ab347534bad7b44af0f4c9b22706a has-link-color\">105 \u2013 <strong>Couleur du temps <\/strong>(2012)&nbsp;<br>pour clarinette et harpe&nbsp;<br>Cr\u00e9ation : Suisse, Gen\u00e8ve, Th\u00e9\u00e2tre de l\u2019Esp\u00e9rance, 5 octobre 2012 par Jean-Marc&nbsp; Volta et Ghislaine Petit-Volta&nbsp;<br>\u00c9ditions Billaudot<br><a rel=\"noreferrer noopener\" href=\"https:\/\/youtu.be\/acp1TwOfyZ4\" data-type=\"URL\" data-id=\"https:\/\/youtu.be\/acp1TwOfyZ4\" target=\"_blank\">vid\u00e9o<\/a>   <a href=\"https:\/\/www.billaudot.com\/couleurs-du-temps-3.html\" data-type=\"URL\" data-id=\"https:\/\/www.billaudot.com\/couleurs-du-temps-3.html\" target=\"_blank\" rel=\"noreferrer noopener\">partition<\/a><\/p>\n\n\n\n<p class=\"wp-elements-62b0d5c85ca82d41072d746a995f4caf has-link-color\">106 \u2013 <strong>Le Tombeau de Christian Lard\u00e9<\/strong> (2013)&nbsp;<br>pour fl\u00fbte&nbsp;<br>Cr\u00e9ation : Paris, Salle Cortot, le 17 d\u00e9cembre 2013 par Pierre-Yves Artaud&nbsp;<br>\u00c9ditions Jobert\/Lemoine&nbsp;<br><a rel=\"noreferrer noopener\" href=\"https:\/\/youtu.be\/fjiigCRtxKM\" data-type=\"URL\" data-id=\"https:\/\/youtu.be\/fjiigCRtxKM\" target=\"_blank\">enregistrement<\/a>   <a rel=\"noreferrer noopener\" href=\"https:\/\/www.henry-lemoine.com\/fr\/partitions-par-instrument\/13977-le-tombeau-de-christian-larde.html\" data-type=\"URL\" data-id=\"https:\/\/www.henry-lemoine.com\/fr\/partitions-par-instrument\/13977-le-tombeau-de-christian-larde.html\" target=\"_blank\">partition<\/a>  <a rel=\"noreferrer noopener\" href=\"https:\/\/laurencebancaud.com\/wp-content\/uploads\/2023\/02\/ang.-livret-CD-Trio-Salzedo.pdf\" data-type=\"URL\" data-id=\"https:\/\/laurencebancaud.com\/wp-content\/uploads\/2023\/01\/Livret-du-CD-Trio-SalzedoTTT.docx.pdf\" target=\"_blank\">livret CD<\/a>  <a href=\"https:\/\/laurencebancaud.com\/en\/ton-that-tiet\/references\/\" data-type=\"URL\" data-id=\"https:\/\/laurencebancaud.com\/ton-that-tiet\/references\/\" target=\"_blank\" rel=\"noreferrer noopener\">voir discographie<\/a><\/p>\n\n\n\n<p>107 <strong>&#8211; Les Pas d\u2019un solitaire <\/strong>(2013)&nbsp;<br>pour fl\u00fbte&nbsp;<br>in\u00e9dit<\/p>\n\n\n\n<p class=\"wp-elements-2c336148cb7740855cd220ffd51486cc has-link-color\">108 \u2013 <strong>Hoang Dziep <\/strong>(2013)&nbsp;<br>pour deux harpes&nbsp;<br>D\u00e9di\u00e9 \u00e0 Laurence Bancaud&nbsp;<br>Cr\u00e9ation : France, Paris, Conservatoire Paul Dukas, Harpes au Pr\u00e9sent, 11 avril&nbsp; 2015, par Laurence Bancaud et Aur\u00e9lie Saraf&nbsp;<br>\u00c9ditions IMD, collection Harpa<br><a rel=\"noreferrer noopener\" href=\"https:\/\/laurencebancaud.com\/wp-content\/uploads\/2023\/02\/Hoang-Dziep.pdf\" data-type=\"URL\" data-id=\"https:\/\/laurencebancaud.com\/wp-content\/uploads\/2023\/01\/texte-Hoang-Dziep.docx.pdf\" target=\"_blank\">notice<\/a>  <a rel=\"noreferrer noopener\" href=\"https:\/\/www.arpeges.fr\/fr\/produit\/listing?q=hoang+dziep\" data-type=\"URL\" data-id=\"https:\/\/www.arpeges.fr\/fr\/produit\/listing?q=hoang+dziep\" target=\"_blank\">partition<\/a>  <a href=\"https:\/\/youtu.be\/3GmonpktMbA\" data-type=\"URL\" data-id=\"https:\/\/youtu.be\/3GmonpktMbA\" target=\"_blank\" rel=\"noreferrer noopener\">vid\u00e9o<\/a><\/p>\n\n\n\n<p class=\"wp-elements-eb726c48b5915aae19e7ad17572b64d1 has-link-color\">109 \u2013<strong> Contes de Grand-m\u00e8re<\/strong> (Histoire de Giong, En route vers le ciel, et Tirer sur la&nbsp; lune) (2013)&nbsp;<br>Trois contes vietnamiens pour r\u00e9citante, guitare, violon et percussion&nbsp;<br>Textes de T\u00e2m Q\u00f9y&nbsp;<br>Cr\u00e9ation : France, Marseille, salle Musicatreize, 16 avril 2015, par Isabelle Thomas&nbsp; (r\u00e9citante), Jacques Bonvallet (violon), Jean Horreaux (guitare) and Jean Fran\u00e7ois&nbsp; Piette (percussion)<br>\u00c9ditions Jobert\/Lemoine<br><a href=\"https:\/\/www.henry-lemoine.com\/fr\/partitions-chant-et-chorales\/14013-contes-de-grand-mere-conte-musical.html\" data-type=\"URL\" data-id=\"https:\/\/www.henry-lemoine.com\/fr\/partitions-chant-et-chorales\/14013-contes-de-grand-mere-conte-musical.html\" target=\"_blank\" rel=\"noreferrer noopener\">partition<\/a>&nbsp;<\/p>\n\n\n\n<p class=\"wp-elements-f1fe4ecaa834cee65e55c43e26614f78 has-link-color\">110 &#8211; <strong>Balade<\/strong> (2013)&nbsp;<br>pour percussions&nbsp;<br>Cr\u00e9ation : France, Montpellier, Festival Turbulences sonores, 3 avril 2014, par&nbsp; Laurent Mariusse&nbsp;<br>\u00c9ditions Jobert\/Lemoine&nbsp;<br><a rel=\"noreferrer noopener\" href=\"https:\/\/youtu.be\/zO0K9d1XfpM\" data-type=\"URL\" data-id=\"https:\/\/youtu.be\/zO0K9d1XfpM\" target=\"_blank\">vid\u00e9o \u00e0 6:20<\/a>   <a href=\"https:\/\/www.henry-lemoine.com\/fr\/partitions-par-instrument\/14012-balade.html\" data-type=\"URL\" data-id=\"https:\/\/www.henry-lemoine.com\/fr\/partitions-par-instrument\/14012-balade.html\" target=\"_blank\" rel=\"noreferrer noopener\">partition<\/a><\/p>\n\n\n\n<p class=\"wp-elements-5f49c5e0198c662cbb66f3130c30e864 has-link-color\">111 &#8211; <strong>Regards dans la brume <\/strong>(2013-2014) 13\u201945&nbsp;<br>Pour quatuor \u00e0 cordes et piano&nbsp;<br>Trois regards sur le \u00ab pr\u00e9lude \u00e0 l\u2019apr\u00e8s-midi d\u2019un faune \u00bb&nbsp;<br>Commande du Quintette Syntonia<br><a rel=\"noreferrer noopener\" href=\"https:\/\/youtu.be\/IIUayOZwIwI\" data-type=\"URL\" data-id=\"https:\/\/youtu.be\/IIUayOZwIwI\" target=\"_blank\">enregistrement<\/a> <a href=\"https:\/\/laurencebancaud.com\/en\/ton-that-tiet\/references\/\" data-type=\"URL\" data-id=\"https:\/\/laurencebancaud.com\/ton-that-tiet\/references\/\" target=\"_blank\" rel=\"noreferrer noopener\">voir discographie<\/a><\/p>\n\n\n\n<p class=\"wp-elements-ec5c929e4e6419678d2152954f437a6e has-link-color\">112 &#8211; <strong>Hoi Ky <\/strong>(2014)&nbsp;<br>pour harpe<br>Commande du Concours Laskine Junior 2014&nbsp;&nbsp;<br>IMD Diffusion Arp\u00e8ge, collection Ghislaine Petit-Volta&nbsp;<br><a rel=\"noreferrer noopener\" href=\"https:\/\/youtu.be\/oMUEWBoaQcU\" data-type=\"URL\" data-id=\"https:\/\/youtu.be\/oMUEWBoaQcU\" target=\"_blank\">vid\u00e9o \u00e0 33:31<\/a>   <a rel=\"noreferrer noopener\" href=\"https:\/\/laurencebancaud.com\/wp-content\/uploads\/2023\/02\/Hoi-Ky.pdf\" data-type=\"URL\" data-id=\"https:\/\/laurencebancaud.com\/wp-content\/uploads\/2023\/01\/texte-Hoi-Ky.docx.pdf\" target=\"_blank\">notice<\/a>  <a href=\"https:\/\/www.arpeges.fr\/fr\/editions-musicales\/hoi-ky_1008384\" data-type=\"URL\" data-id=\"https:\/\/www.arpeges.fr\/fr\/editions-musicales\/hoi-ky_1008384\" target=\"_blank\" rel=\"noreferrer noopener\">partition<\/a><br><br>113\u2013<strong> Aurore de Savoie<\/strong> (2014)&nbsp;<br>pour quatuor \u00e0 cordes et orchestre \u00e0 cordes&nbsp;<br>Commande de l\u2019Orchestre des Pays de Savoie&nbsp;<br>Cr\u00e9ation : France, Maison de la Culture de Grenoble, 24 f\u00e9vrier 2015, par&nbsp; l\u2019Orchestre des Pays de Savoie, direction Nicolas Chalvin.&nbsp;<br>\u00c9ditions Jobert\/Lemoine<br><a rel=\"noreferrer noopener\" href=\"https:\/\/www.henry-lemoine.com\/fr\/partitions-pour-ensemble\/13999-aurore-de-savoie.html\" data-type=\"URL\" data-id=\"https:\/\/www.henry-lemoine.com\/fr\/partitions-pour-ensemble\/13999-aurore-de-savoie.html\" target=\"_blank\">partition<\/a>   <a rel=\"noreferrer noopener\" href=\"https:\/\/laurencebancaud.com\/wp-content\/uploads\/2023\/02\/Aurore-de-Savoie.docx-1.pdf\" data-type=\"URL\" data-id=\"https:\/\/laurencebancaud.com\/wp-content\/uploads\/2023\/01\/Aurore-de-Savoie.docx.pdf\" target=\"_blank\">notice<\/a><\/p>\n\n\n\n<p class=\"wp-elements-1d0c9fea2b029ea8b6811b34552830d8 has-link-color\">114 &#8211; <strong>Li\u00ean Ho\u00e0n<\/strong> (2016)&nbsp;<br>pour alto et violoncelle&nbsp;<br>Cr\u00e9ation : France, Boulogne-Billancourt, Biblioth\u00e8que Paul Marmottan, 22 janvier&nbsp; 2017, par Michel Michalakakos et Xavier Gagnepain&nbsp;<br>\u00c9ditions Jobert\/Lemoine<br><a href=\"https:\/\/www.henry-lemoine.com\/fr\/partitions-pour-ensemble\/14057-lien-hoan.html\" data-type=\"URL\" data-id=\"https:\/\/www.henry-lemoine.com\/fr\/partitions-pour-ensemble\/14057-lien-hoan.html\" target=\"_blank\" rel=\"noreferrer noopener\">partition<\/a>&nbsp;<\/p>\n\n\n\n<p class=\"wp-elements-fa6ee2b96830575594f9671eff999caf has-link-color\">115 &#8211; <strong>M\u00e9moire des sons<\/strong> (2016)&nbsp;<br>\u00ab Hommage \u00e0 Henri Dutilleux \u00bb&nbsp;<br>Pour violoncelle&nbsp;<br>Cr\u00e9ation : France, Festival de violoncelle de Beauvais, 29 mai 2016, par Xavier&nbsp;Gagnepain&nbsp;<br>\u00c9ditions Jobert\/Lemoine<br><a rel=\"noreferrer noopener\" href=\"https:\/\/youtu.be\/6l_NvhDgjMI\" data-type=\"URL\" data-id=\"https:\/\/youtu.be\/6l_NvhDgjMI\" target=\"_blank\">enregistrement mvt 1<\/a>   <a rel=\"noreferrer noopener\" href=\"https:\/\/youtu.be\/MonHDeaB-l8\" data-type=\"URL\" data-id=\"https:\/\/youtu.be\/MonHDeaB-l8\" target=\"_blank\">enregistrement mvt 2&nbsp;<\/a>   <a rel=\"noreferrer noopener\" href=\"https:\/\/youtu.be\/orpzgYUOgHM\" data-type=\"URL\" data-id=\"https:\/\/youtu.be\/orpzgYUOgHM\" target=\"_blank\">enregistrement mvt 3<\/a>    <a rel=\"noreferrer noopener\" href=\"https:\/\/www.henry-lemoine.com\/fr\/partitions-par-instrument\/14054-memoire-des-sons.html\" data-type=\"URL\" data-id=\"https:\/\/www.henry-lemoine.com\/fr\/partitions-par-instrument\/14054-memoire-des-sons.html\" target=\"_blank\">partition<\/a> <a rel=\"noreferrer noopener\" href=\"https:\/\/laurencebancaud.com\/wp-content\/uploads\/2023\/01\/texte-Memoire-des-sons.docx.pdf\" data-type=\"URL\" data-id=\"https:\/\/laurencebancaud.com\/wp-content\/uploads\/2023\/01\/texte-Memoire-des-sons.docx.pdf\" target=\"_blank\">notice<\/a>   <a rel=\"noreferrer noopener\" href=\"https:\/\/laurencebancaud.com\/wp-content\/uploads\/2023\/02\/ang.-livret-CD-Trio-Salzedo.pdf\" data-type=\"URL\" data-id=\"https:\/\/laurencebancaud.com\/wp-content\/uploads\/2023\/01\/Livret-du-CD-Trio-SalzedoTTT.docx.pdf\" target=\"_blank\">livret CD<\/a>  <a href=\"https:\/\/laurencebancaud.com\/en\/ton-that-tiet\/references\/\" data-type=\"URL\" data-id=\"https:\/\/laurencebancaud.com\/ton-that-tiet\/references\/\" target=\"_blank\" rel=\"noreferrer noopener\">voir discographie<\/a><\/p>\n\n\n\n<p class=\"wp-elements-6014acc84396736d93958cff4de6d962 has-link-color\">116 &#8211; <strong>Jeux de couleurs<\/strong> (2017)&nbsp;<br>Concerto pour guitare et orchestre d\u2019harmonie&nbsp;<br>Commande d\u2019\u00e9tat&nbsp;<br>Cr\u00e9ation : France, Ch\u00e2teau-Renault, le 29\/10\/2017 par G\u00e9rard Abiton, guitare, et&nbsp; l\u2019Orchestre d\u2019Harmonie de la R\u00e9gion Centre, direction : Philippe Ferro<br>\u00c9ditions Jobert\/Lemoine<br><a href=\"https:\/\/www.henry-lemoine.com\/fr\/partitions-pour-ensemble\/14045-jeux-de-couleurs.html\" data-type=\"URL\" data-id=\"https:\/\/www.henry-lemoine.com\/fr\/partitions-pour-ensemble\/14045-jeux-de-couleurs.html\" target=\"_blank\" rel=\"noreferrer noopener\">partition<\/a><\/p>\n\n\n\n<p class=\"wp-elements-298f29e34cfa46e59327d4d50c3c948d has-link-color\">117 \u2013 <strong>Horizon nordique <\/strong>(2018)&nbsp;<br>pour guitare et clavecin&nbsp;<br>Cr\u00e9ation : Finlande, Helsinki, Temppeliaukion kirklo, le 15\/11\/2019, par Assi&nbsp; Karttunen et Rody van Gemert<br><a rel=\"noreferrer noopener\" href=\"https:\/\/youtu.be\/RNXpSJb_7Cw\" data-type=\"URL\" data-id=\"https:\/\/youtu.be\/RNXpSJb_7Cw\" target=\"_blank\">vid\u00e9o<\/a>&nbsp;&nbsp;<a href=\"https:\/\/laurencebancaud.com\/wp-content\/uploads\/2023\/02\/Horizon-nordique.docx-1.pdf\" data-type=\"URL\" data-id=\"https:\/\/laurencebancaud.com\/wp-content\/uploads\/2023\/01\/Horizon-nordique.docx.pdf\" target=\"_blank\" rel=\"noreferrer noopener\">notice<\/a><\/p>\n\n\n\n<p class=\"wp-elements-6cde956dc6d2adade382accf8686d487 has-link-color\">118 &#8211; <strong>V\u00f4 D\u00ea IV<\/strong> (2019)<br>pour clavecin \u00e0 4 mains<br><a rel=\"noreferrer noopener\" href=\"https:\/\/youtu.be\/oMUEWBoaQcU\" data-type=\"URL\" data-id=\"https:\/\/youtu.be\/oMUEWBoaQcU\" target=\"_blank\">vid\u00e9o \u00e0 56:37<\/a><br><br>119 \u2013 <strong>Romance <\/strong>(2019)&nbsp;<br>pour saxophone et piano&nbsp;<br>D\u00e9di\u00e9 \u00e0 Tam-Quy<br>\u00c9ditions Jobert<br><a href=\"https:\/\/www.henry-lemoine.com\/fr\/partitions-par-instrument\/17516-romance.html\" data-type=\"URL\" data-id=\"https:\/\/www.henry-lemoine.com\/fr\/partitions-par-instrument\/17516-romance.html\" target=\"_blank\" rel=\"noreferrer noopener\">partition<\/a>   <a rel=\"noreferrer noopener\" href=\"https:\/\/youtu.be\/zO0K9d1XfpM\" data-type=\"URL\" data-id=\"https:\/\/youtu.be\/zO0K9d1XfpM\" target=\"_blank\">vid\u00e9o \u00e0 28:45&nbsp;<\/a><\/p>\n\n\n\n<p class=\"wp-elements-bdf8d84151456203abc984b8f8c589d3 has-link-color\">120 \u2013 <strong>For\u00eat de Gargilesse <\/strong>(2019)&nbsp;<br>Pour 7 harpes&nbsp;<br>Cr\u00e9ation : France, Feignies, Festival Harpe en Avesnois, le 12\/03\/2022, par Fr\u00e9d\u00e9rique&nbsp; Cambreling, Annie Lavoisier, Ghislaine Petit-Volta, Laurence Bancaud, Anne&nbsp; Ricquebourg, Roberta Brambilla et Alexandra Bidi, direction : Fabrice Pierre<br>IMD Diffusion Arp\u00e8ge, collection Ghislaine Petit-Volta <br><a rel=\"noreferrer noopener\" href=\"https:\/\/laurencebancaud.com\/wp-content\/uploads\/2023\/02\/Foret-de-Gargilesse.pdf\" data-type=\"URL\" data-id=\"https:\/\/laurencebancaud.com\/wp-content\/uploads\/2023\/01\/Foret-de-Gargilesse.docx.pdf\" target=\"_blank\">notice<\/a>  <a rel=\"noreferrer noopener\" href=\"https:\/\/www.arpeges.fr\/fr\/editions-musicales\/foret-de-gargilesse_1022114\" data-type=\"URL\" data-id=\"https:\/\/www.arpeges.fr\/fr\/editions-musicales\/foret-de-gargilesse_1022114\" target=\"_blank\">partition<\/a>  <a href=\"https:\/\/youtu.be\/PurNMJio2RA\" data-type=\"URL\" data-id=\"https:\/\/youtu.be\/PurNMJio2RA\" target=\"_blank\" rel=\"noreferrer noopener\">vid\u00e9o<\/a><\/p>\n\n\n\n<p>121 &#8211; <strong>Escapade<\/strong> (2019)<br>pour 3 harpes<br>Cr\u00e9ation : France, Paris, Galerie 19 Paul Fort, le 26\/03\/2024, par Fr\u00e9d\u00e9rique Cambreling, \u00c9lodie Reibaud, Laurence Bancaud<br>Editions Lemoine<\/p>\n\n\n\n<p class=\"wp-elements-fc9b64e9143d8d846ee85b094a8f2943 has-link-color\"><br>La plupart des partitions et notices sont consultables \u00e0 la <a href=\"https:\/\/mediatheque.cnsmdp.fr\/\" data-type=\"URL\" data-id=\"https:\/\/mediatheque.cnsmdp.fr\/\" target=\"_blank\" rel=\"noreferrer noopener\">m\u00e9diath\u00e8que du CNSMD de Paris.<\/a><\/p>\n\n\n\n<p><\/p>","protected":false},"excerpt":{"rendered":"<p>par ordre chronologique 1 &#8211; Concerto pour violon et orchestre (1964-65)&nbsp;2222\/4220\/timb. perc. (2), ha, cel\/cordesin\u00e9dit 2 &#8211; Cinq Pi\u00e8ces pour hautbois et piano (1965) 8\u2019&nbsp;Cr\u00e9ation : Paris, 1966&nbsp;\u00c9ditions Musicales Transatlantiques&nbsp;partition voir discographie 3 &#8211; Sonate pour violon seul (1965) 13\u201930&nbsp;Cr\u00e9ation : Paris, 1966&nbsp;\u00c9ditions Musicales Transatlantiques&nbsp;partition 4 &#8211; Quatuor \u00e0 cordes (1966) 15\u2019&nbsp;Cr\u00e9ation : Paris, 1967, [&hellip;]<\/p>","protected":false},"author":1,"featured_media":0,"parent":29,"menu_order":6,"comment_status":"closed","ping_status":"closed","template":"","meta":{"_editorskit_title_hidden":false,"_editorskit_reading_time":0,"_editorskit_is_block_options_detached":false,"_editorskit_block_options_position":"{}"},"_links":{"self":[{"href":"https:\/\/laurencebancaud.com\/en\/wp-json\/wp\/v2\/pages\/133"}],"collection":[{"href":"https:\/\/laurencebancaud.com\/en\/wp-json\/wp\/v2\/pages"}],"about":[{"href":"https:\/\/laurencebancaud.com\/en\/wp-json\/wp\/v2\/types\/page"}],"author":[{"embeddable":true,"href":"https:\/\/laurencebancaud.com\/en\/wp-json\/wp\/v2\/users\/1"}],"replies":[{"embeddable":true,"href":"https:\/\/laurencebancaud.com\/en\/wp-json\/wp\/v2\/comments?post=133"}],"version-history":[{"count":43,"href":"https:\/\/laurencebancaud.com\/en\/wp-json\/wp\/v2\/pages\/133\/revisions"}],"predecessor-version":[{"id":954,"href":"https:\/\/laurencebancaud.com\/en\/wp-json\/wp\/v2\/pages\/133\/revisions\/954"}],"up":[{"embeddable":true,"href":"https:\/\/laurencebancaud.com\/en\/wp-json\/wp\/v2\/pages\/29"}],"wp:attachment":[{"href":"https:\/\/laurencebancaud.com\/en\/wp-json\/wp\/v2\/media?parent=133"}],"curies":[{"name":"wp","href":"https:\/\/api.w.org\/{rel}","templated":true}]}}